{"id":52301,"date":"2023-10-16T09:17:39","date_gmt":"2023-10-16T07:17:39","guid":{"rendered":"https:\/\/fvz.upr.si\/?post_type=project&#038;p=52301"},"modified":"2026-03-20T10:59:45","modified_gmt":"2026-03-20T09:59:45","slug":"moj-izziv-iii-interdisciplinarni-pristop-pri-obravnavi-prekomerno-hranjenih-otrok-in-mladostnikov-s-poudarkom-na-dvigu-zdravstvene-pismenosti-cele-druzine-2","status":"publish","type":"project","link":"https:\/\/fvz.upr.si\/en\/project\/moj-izziv-iii-interdisciplinarni-pristop-pri-obravnavi-prekomerno-hranjenih-otrok-in-mladostnikov-s-poudarkom-na-dvigu-zdravstvene-pismenosti-cele-druzine-2\/","title":{"rendered":"MOJ IZZIV III Interdisciplinarni pristop pri obravnavi prekomerno hranjenih otrok in mladostnikov s poudarkom na dvigu zdravstvene pismenosti cele dru\u017eine"},"content":{"rendered":"<p>[et_pb_section fb_built=&#8221;1&#8243; _builder_version=&#8221;4.16&#8243; background_enable_color=&#8221;off&#8221; background_image=&#8221;https:\/\/fvz.upr.si\/wp-content\/uploads\/2020\/04\/Raziskovanje-in-razvoj.jpg&#8221; height=&#8221;330px&#8221; animation_style=&#8221;fade&#8221; custom_css_main_element=&#8221;padding-top: 0;||padding-bottom: 0;&#8221; saved_tabs=&#8221;all&#8221; global_colors_info=&#8221;{}&#8221;][et_pb_row _builder_version=&#8221;4.16&#8243; height=&#8221;100%&#8221; custom_css_main_element=&#8221;position: relative;||padding-top: 0;||padding-bottom: 0;&#8221; global_colors_info=&#8221;{}&#8221;][et_pb_column type=&#8221;4_4&#8243; _builder_version=&#8221;4.16&#8243; custom_css_main_element=&#8221;height: 100%;&#8221; global_colors_info=&#8221;{}&#8221;][et_pb_text _builder_version=&#8221;4.16&#8243; _dynamic_attributes=&#8221;content&#8221; text_font=&#8221;Fira Sans|||on|||||&#8221; text_text_color=&#8221;#ffffff&#8221; text_font_size=&#8221;20px&#8221; custom_css_main_element=&#8221;background-color: #bf2f1a;||display: inline-block;||position: absolute;||bottom: 0;||padding: 16px;&#8221; border_width_all=&#8221;2px&#8221; border_color_all=&#8221;#821f22&#8243; border_width_bottom=&#8221;0px&#8221; global_colors_info=&#8221;{}&#8221;]@ET-DC@eyJkeW5hbWljIjp0cnVlLCJjb250ZW50IjoicG9zdF90aXRsZSIsInNldHRpbmdzIjp7ImJlZm9yZSI6IiIsImFmdGVyIjoiIn19@[\/et_pb_text][\/et_pb_column][\/et_pb_row][\/et_pb_section][et_pb_section fb_built=&#8221;1&#8243; custom_padding_last_edited=&#8221;on|tablet&#8221; _builder_version=&#8221;4.16&#8243; background_color=&#8221;#f1f0ee&#8221; custom_padding=&#8221;60px||60px||false|false&#8221; custom_padding_tablet=&#8221;30px||30px||false|false&#8221; custom_padding_phone=&#8221;&#8221; animation_style=&#8221;fade&#8221; z_index_tablet=&#8221;500&#8243; box_shadow_horizontal_tablet=&#8221;0px&#8221; box_shadow_vertical_tablet=&#8221;0px&#8221; box_shadow_blur_tablet=&#8221;40px&#8221; box_shadow_spread_tablet=&#8221;0px&#8221; global_colors_info=&#8221;{}&#8221;][et_pb_row _builder_version=&#8221;4.16&#8243; width_tablet=&#8221;80%&#8221; width_phone=&#8221;&#8221; width_last_edited=&#8221;on|desktop&#8221; custom_margin=&#8221;|auto|60px|auto|false|false&#8221; custom_margin_tablet=&#8221;0px||0px||false|false&#8221; custom_margin_phone=&#8221;&#8221; custom_margin_last_edited=&#8221;on|desktop&#8221; custom_padding=&#8221;||||false|false&#8221; locked=&#8221;off&#8221; global_colors_info=&#8221;{}&#8221;][et_pb_column type=&#8221;4_4&#8243; _builder_version=&#8221;4.16&#8243; global_colors_info=&#8221;{}&#8221;][et_pb_text _builder_version=&#8221;4.22.2&#8243; text_font=&#8221;Fira Sans|700||on|||||&#8221; text_text_color=&#8221;#bf2e1b&#8221; text_font_size=&#8221;22px&#8221; header_font=&#8221;Arial|||on|||||&#8221; header_2_font=&#8221;||||||||&#8221; header_2_text_align=&#8221;left&#8221; header_2_font_size=&#8221;24px&#8221; custom_padding=&#8221;||||false|false&#8221; global_colors_info=&#8221;{}&#8221;]<\/p>\n<p><strong>DURATION OF THE PROJECT:<\/strong><\/p>\n<p>[\/et_pb_text][et_pb_text _builder_version=&#8221;4.22.2&#8243; custom_padding=&#8221;||0px|||&#8221; global_colors_info=&#8221;{}&#8221;]<\/p>\n<div style=\"text-align: justify;\">\n<p>1. 1. 2023 &#8211; 31. 12. 2025<\/p>\n<\/div>\n<p>[\/et_pb_text][\/et_pb_column][\/et_pb_row][et_pb_row _builder_version=&#8221;4.16&#8243; width_tablet=&#8221;80%&#8221; width_phone=&#8221;&#8221; width_last_edited=&#8221;on|desktop&#8221; custom_margin=&#8221;30px|auto|30px|auto|false|false&#8221; custom_margin_tablet=&#8221;0px||0px||false|false&#8221; custom_margin_phone=&#8221;&#8221; custom_margin_last_edited=&#8221;on|desktop&#8221; custom_padding=&#8221;||||false|false&#8221; locked=&#8221;off&#8221; global_colors_info=&#8221;{}&#8221;][et_pb_column type=&#8221;4_4&#8243; _builder_version=&#8221;4.16&#8243; global_colors_info=&#8221;{}&#8221;][et_pb_text _builder_version=&#8221;4.22.2&#8243; text_font=&#8221;Fira Sans|700||on|||||&#8221; text_text_color=&#8221;#bf2e1b&#8221; text_font_size=&#8221;22px&#8221; header_font=&#8221;Arial|||on|||||&#8221; header_2_font=&#8221;||||||||&#8221; header_2_text_align=&#8221;left&#8221; header_2_font_size=&#8221;24px&#8221; custom_margin=&#8221;-35px|||||&#8221; custom_padding=&#8221;||||false|false&#8221; global_colors_info=&#8221;{}&#8221;]<\/p>\n<p><strong>LEAD PARTNER:<\/strong><\/p>\n<p>[\/et_pb_text][et_pb_text _builder_version=&#8221;4.22.2&#8243; custom_padding=&#8221;||0px|||&#8221; global_colors_info=&#8221;{}&#8221;]<\/p>\n<p><a href=\"https:\/\/www.zdravilisce-debelirtic.si\/en\/\" role=\"link\">Health resort of RCS Debeli rti\u010d<\/a><\/p>\n<p>[\/et_pb_text][\/et_pb_column][\/et_pb_row][et_pb_row _builder_version=&#8221;4.16&#8243; width_tablet=&#8221;80%&#8221; width_phone=&#8221;&#8221; width_last_edited=&#8221;on|desktop&#8221; custom_margin=&#8221;30px|auto||auto|false|false&#8221; custom_margin_tablet=&#8221;0px||0px||false|false&#8221; custom_margin_phone=&#8221;&#8221; custom_margin_last_edited=&#8221;on|tablet&#8221; custom_padding=&#8221;||||false|false&#8221; locked=&#8221;off&#8221; global_colors_info=&#8221;{}&#8221;][et_pb_column type=&#8221;4_4&#8243; _builder_version=&#8221;4.16&#8243; global_colors_info=&#8221;{}&#8221;][et_pb_text _builder_version=&#8221;4.22.2&#8243; text_font=&#8221;Fira Sans|700||on|||||&#8221; text_text_color=&#8221;#bf2e1b&#8221; text_font_size=&#8221;22px&#8221; header_font=&#8221;Arial|||on|||||&#8221; header_2_font=&#8221;||||||||&#8221; header_2_text_align=&#8221;left&#8221; header_2_font_size=&#8221;24px&#8221; custom_padding=&#8221;||||false|false&#8221; global_colors_info=&#8221;{}&#8221;]<\/p>\n<p><strong>PROJECT PARTNERS:<\/strong><\/p>\n<p>[\/et_pb_text][et_pb_text _builder_version=&#8221;4.22.2&#8243; custom_padding=&#8221;||0px|||&#8221; global_colors_info=&#8221;{}&#8221;]<\/p>\n<p><span>UP Faculty of Health Sciences<\/span><\/p>\n<p>[\/et_pb_text][\/et_pb_column][\/et_pb_row][et_pb_row _builder_version=&#8221;4.16&#8243; width_tablet=&#8221;80%&#8221; width_phone=&#8221;&#8221; width_last_edited=&#8221;on|desktop&#8221; custom_margin=&#8221;30px|auto||auto|false|false&#8221; custom_margin_tablet=&#8221;0px||0px||false|false&#8221; custom_margin_phone=&#8221;&#8221; custom_margin_last_edited=&#8221;on|tablet&#8221; custom_padding=&#8221;||||false|false&#8221; locked=&#8221;off&#8221; global_colors_info=&#8221;{}&#8221;][et_pb_column type=&#8221;4_4&#8243; _builder_version=&#8221;4.16&#8243; global_colors_info=&#8221;{}&#8221;][et_pb_text _builder_version=&#8221;4.22.2&#8243; text_font=&#8221;Fira Sans|700||on|||||&#8221; text_text_color=&#8221;#bf2e1b&#8221; text_font_size=&#8221;22px&#8221; header_font=&#8221;Arial|||on|||||&#8221; header_2_font=&#8221;||||||||&#8221; header_2_text_align=&#8221;left&#8221; header_2_font_size=&#8221;24px&#8221; custom_padding=&#8221;||||false|false&#8221; global_colors_info=&#8221;{}&#8221;]<\/p>\n<p><strong>PROJECT LEADER:<\/strong><\/p>\n<p>[\/et_pb_text][et_pb_text _builder_version=&#8221;4.27.5&#8243; custom_padding=&#8221;||0px|||&#8221; global_colors_info=&#8221;{}&#8221;]<\/p>\n<p>Breda Prunk Franeti\u010d<span>, MD<\/span><\/p>\n<p><span>Tamara Poklar Vatovec, Assoc. Prof., PhD (<a href=\"https:\/\/cris.cobiss.net\/ecris\/si\/sl\/researcher\/28361\" role=\"link\">SICRIS<\/a>,\u00a0<a href=\"https:\/\/www.researchgate.net\/profile\/Tamara-Poklar-Vatovec\" role=\"link\">ResearchGate<\/a>)<\/span><\/p>\n<p>[\/et_pb_text][\/et_pb_column][\/et_pb_row][et_pb_row _builder_version=&#8221;4.16&#8243; width_tablet=&#8221;80%&#8221; width_phone=&#8221;&#8221; width_last_edited=&#8221;on|desktop&#8221; custom_margin=&#8221;30px|auto||auto|false|false&#8221; custom_margin_tablet=&#8221;0px||0px||false|false&#8221; custom_margin_phone=&#8221;&#8221; custom_margin_last_edited=&#8221;on|tablet&#8221; custom_padding=&#8221;||||false|false&#8221; locked=&#8221;off&#8221; global_colors_info=&#8221;{}&#8221;][et_pb_column type=&#8221;4_4&#8243; _builder_version=&#8221;4.16&#8243; global_colors_info=&#8221;{}&#8221;][et_pb_text _builder_version=&#8221;4.22.2&#8243; text_font=&#8221;Fira Sans|700||on|||||&#8221; text_text_color=&#8221;#bf2e1b&#8221; text_font_size=&#8221;22px&#8221; header_font=&#8221;Arial|||on|||||&#8221; header_2_font=&#8221;||||||||&#8221; header_2_text_align=&#8221;left&#8221; header_2_font_size=&#8221;24px&#8221; custom_padding=&#8221;||||false|false&#8221; global_colors_info=&#8221;{}&#8221;]<\/p>\n<p><strong>TEAM AT UP FACULTY OF HEALTH SCIENCES:<\/strong><\/p>\n<p>[\/et_pb_text][et_pb_text _builder_version=&#8221;4.27.5&#8243; custom_padding=&#8221;||0px|||&#8221; hover_enabled=&#8221;0&#8243; global_colors_info=&#8221;{}&#8221; sticky_enabled=&#8221;0&#8243;]<\/p>\n<p><span>Tamara Poklar Vatovec, Assoc. Prof., PhD (<\/span><a href=\"https:\/\/cris.cobiss.net\/ecris\/si\/sl\/researcher\/28361\" role=\"link\">SICRIS<\/a><span>,<\/span><span>\u00a0<\/span><a href=\"https:\/\/www.researchgate.net\/profile\/Tamara-Poklar-Vatovec\" role=\"link\">ResearchGate<\/a><span>)<\/span><\/p>\n<p>[\/et_pb_text][\/et_pb_column][\/et_pb_row][et_pb_row _builder_version=&#8221;4.16&#8243; width_tablet=&#8221;80%&#8221; width_phone=&#8221;&#8221; width_last_edited=&#8221;on|desktop&#8221; custom_margin=&#8221;30px|auto||auto|false|false&#8221; custom_margin_tablet=&#8221;0px||0px||false|false&#8221; custom_margin_phone=&#8221;&#8221; custom_margin_last_edited=&#8221;on|tablet&#8221; custom_padding=&#8221;||||false|false&#8221; locked=&#8221;off&#8221; global_colors_info=&#8221;{}&#8221;][et_pb_column type=&#8221;4_4&#8243; _builder_version=&#8221;4.16&#8243; global_colors_info=&#8221;{}&#8221;][et_pb_text _builder_version=&#8221;4.27.5&#8243; text_font=&#8221;Fira Sans|700||on|||||&#8221; text_text_color=&#8221;#bf2e1b&#8221; text_font_size=&#8221;22px&#8221; header_font=&#8221;Arial|||on|||||&#8221; header_2_font=&#8221;||||||||&#8221; header_2_text_align=&#8221;left&#8221; header_2_font_size=&#8221;24px&#8221; custom_padding=&#8221;||||false|false&#8221; hover_enabled=&#8221;0&#8243; global_colors_info=&#8221;{}&#8221; sticky_enabled=&#8221;0&#8243;]<\/p>\n<p><strong>Project results:<\/strong><\/p>\n<p>[\/et_pb_text][et_pb_text _builder_version=&#8221;4.27.5&#8243; custom_padding=&#8221;||0px|||&#8221; hover_enabled=&#8221;0&#8243; global_colors_info=&#8221;{}&#8221; sticky_enabled=&#8221;0&#8243;]<\/p>\n<p>Program je inovativen v Sloveniji. Temelji na izku\u0161njah uspe\u0161nih programov in dobrih praks iz tujine.<\/p>\n<p>\u0160tevilne mednarodne raziskave so pokazale, da je aktivna vklju\u010ditev star\u0161ev klju\u010dnega pomena za uspeh zdravljenja debelosti pri otrocih. Dose\u010di moramo spremembo \u017eivljenjskega stila najprej pri star\u0161ih, kar se posledi\u010dno pozna tudi pri otrocih. Vklju\u010ditev star\u0161ev je zelo u\u010dinkovita predvsem med samo intervencijo ter 1 leto po intervenciji.<\/p>\n<p>Zdravstvene koristi programa so v prepre\u010devanju bolezni pogojenih z debelostjo, krepitev du\u0161evne sposobnosti in zmanj\u0161anju du\u0161evne potrtosti, pove\u010danju zmo\u017enosti samooskrbe, obi\u010dajnih delovnih in dru\u017einskih dejavnosti ter nenazadnje bistveno vi\u0161ja kakovost \u017eivljenja.<\/p>\n<p><span>Za\u010detne spremembe pri otrocih vklju\u010denih v program so izguba telesne mase in izbolj\u0161ana sposobnost za telesno aktivnost, pove\u010danje znanja o zdravem prehranjevanju, pove\u010danje zaupanja in bolj\u0161a samopodoba, pove\u010danje socialnega vklju\u010devanja (ve\u010d prijateljev), bolj\u0161i dru\u017einski odnosi ter ve\u010dja disciplina kot rezultat vklju\u010ditve star\u0161ev v program in dolo\u010danje mej otrokom.<\/span><\/p>\n<p>[\/et_pb_text][et_pb_toggle title=&#8221;Abstract&#8221; _builder_version=&#8221;4.27.5&#8243; _module_preset=&#8221;default&#8221; hover_enabled=&#8221;0&#8243; sticky_enabled=&#8221;0&#8243;]<\/p>\n<p>The program is innovative in Slovenia. It is based on the experience of successful programs and good practices from abroad.<\/p>\n<p>Numerous international studies have shown that the active involvement of parents is crucial for the success of treating obesity in children. We must first achieve a change in lifestyle among parents, which is subsequently also felt by children. Parental involvement is very effective, especially during the intervention itself and 1 year after the intervention.<\/p>\n<p>The health benefits of the program are in the prevention of diseases caused by obesity, strengthening mental abilities and reducing mental depression, increasing the ability to take care of oneself, normal work and family activities, and last but not least, a significantly higher quality of life.<\/p>\n<p>Initial changes in children included in the program are weight loss and improved ability to be physically active, increased knowledge about healthy eating, increased confidence and better self-esteem, increased social inclusion (more friends), better family relationships and greater discipline as a result of parents&#8217; involvement in the program and setting limits for children.<\/p>\n<p>[\/et_pb_toggle][\/et_pb_column][\/et_pb_row][\/et_pb_section]<\/p>\n","protected":false},"excerpt":{"rendered":"<p>DURATION OF THE PROJECT: 1. 1. 2023 &#8211; 31. 12. 2025 LEAD PARTNER:Health resort of RCS Debeli rti\u010dPROJECT PARTNERS:UP Faculty of Health SciencesPROJECT LEADER:Breda Prunk Franeti\u010d, MD Tamara Poklar Vatovec, [&hellip;]<\/p>\n","protected":false},"author":12,"featured_media":0,"comment_status":"closed","ping_status":"closed","template":"","meta":{"_et_pb_use_builder":"on","_et_pb_old_content":"","_et_gb_content_width":"","_price":"","_stock":"","_tribe_ticket_header":"","_tribe_default_ticket_provider":"","_tribe_ticket_capacity":"0","_ticket_start_date":"","_ticket_end_date":"","_tribe_ticket_show_description":"","_tribe_ticket_show_not_going":false,"_tribe_ticket_use_global_stock":"","_tribe_ticket_global_stock_level":"","_global_stock_mode":"","_global_stock_cap":"","_tribe_rsvp_for_event":"","_tribe_ticket_going_count":"","_tribe_ticket_not_going_count":"","_tribe_tickets_list":"[]","_tribe_ticket_has_attendee_info_fields":false,"footnotes":""},"project_category":[139,176,166,144],"project_tag":[],"class_list":["post-52301","project","type-project","status-publish","hentry","project_category-dietetics","project_category-functional-foods-completed","project_category-funkcionalna-zivila-pretekli","project_category-research-and-development-projects-completed"],"yoast_head":"<!-- This site is optimized with the Yoast SEO plugin v27.5 - https:\/\/yoast.com\/product\/yoast-seo-wordpress\/ -->\n<title>MOJ IZZIV III Interdisciplinarni pristop pri obravnavi prekomerno hranjenih otrok in mladostnikov s poudarkom na dvigu zdravstvene pismenosti cele dru\u017eine - Fakulteta za vede o zdravju<\/title>\n<meta name=\"robots\" content=\"index, follow, max-snippet:-1, max-image-preview:large, max-video-preview:-1\" \/>\n<link rel=\"canonical\" href=\"https:\/\/fvz.upr.si\/en\/project\/moj-izziv-iii-interdisciplinarni-pristop-pri-obravnavi-prekomerno-hranjenih-otrok-in-mladostnikov-s-poudarkom-na-dvigu-zdravstvene-pismenosti-cele-druzine-2\/\" \/>\n<meta property=\"og:locale\" content=\"en_US\" \/>\n<meta property=\"og:type\" content=\"article\" \/>\n<meta property=\"og:title\" content=\"MOJ IZZIV III Interdisciplinarni pristop pri obravnavi prekomerno hranjenih otrok in mladostnikov s poudarkom na dvigu zdravstvene pismenosti cele dru\u017eine - Fakulteta za vede o zdravju\" \/>\n<meta property=\"og:description\" content=\"DURATION OF THE PROJECT: 1. 1. 2023 - 31. 12. 2025 LEAD PARTNER:Health resort of RCS Debeli rti\u010dPROJECT PARTNERS:UP Faculty of Health SciencesPROJECT LEADER:Breda Prunk Franeti\u010d, MD Tamara Poklar Vatovec, [&hellip;]\" \/>\n<meta property=\"og:url\" content=\"https:\/\/fvz.upr.si\/en\/project\/moj-izziv-iii-interdisciplinarni-pristop-pri-obravnavi-prekomerno-hranjenih-otrok-in-mladostnikov-s-poudarkom-na-dvigu-zdravstvene-pismenosti-cele-druzine-2\/\" \/>\n<meta property=\"og:site_name\" content=\"Fakulteta za vede o zdravju\" \/>\n<meta property=\"article:modified_time\" content=\"2026-03-20T09:59:45+00:00\" \/>\n<meta name=\"twitter:card\" content=\"summary_large_image\" \/>\n<meta name=\"twitter:label1\" content=\"Est. reading time\" \/>\n\t<meta name=\"twitter:data1\" content=\"2 minutes\" \/>\n<script type=\"application\/ld+json\" class=\"yoast-schema-graph\">{\"@context\":\"https:\\\/\\\/schema.org\",\"@graph\":[{\"@type\":\"WebPage\",\"@id\":\"https:\\\/\\\/fvz.upr.si\\\/en\\\/project\\\/moj-izziv-iii-interdisciplinarni-pristop-pri-obravnavi-prekomerno-hranjenih-otrok-in-mladostnikov-s-poudarkom-na-dvigu-zdravstvene-pismenosti-cele-druzine-2\\\/\",\"url\":\"https:\\\/\\\/fvz.upr.si\\\/en\\\/project\\\/moj-izziv-iii-interdisciplinarni-pristop-pri-obravnavi-prekomerno-hranjenih-otrok-in-mladostnikov-s-poudarkom-na-dvigu-zdravstvene-pismenosti-cele-druzine-2\\\/\",\"name\":\"MOJ IZZIV III Interdisciplinarni pristop pri obravnavi prekomerno hranjenih otrok in mladostnikov s poudarkom na dvigu zdravstvene pismenosti cele dru\u017eine - Fakulteta za vede o zdravju\",\"isPartOf\":{\"@id\":\"https:\\\/\\\/fvz.upr.si\\\/#website\"},\"datePublished\":\"2023-10-16T07:17:39+00:00\",\"dateModified\":\"2026-03-20T09:59:45+00:00\",\"breadcrumb\":{\"@id\":\"https:\\\/\\\/fvz.upr.si\\\/en\\\/project\\\/moj-izziv-iii-interdisciplinarni-pristop-pri-obravnavi-prekomerno-hranjenih-otrok-in-mladostnikov-s-poudarkom-na-dvigu-zdravstvene-pismenosti-cele-druzine-2\\\/#breadcrumb\"},\"inLanguage\":\"en-US\",\"potentialAction\":[{\"@type\":\"ReadAction\",\"target\":[\"https:\\\/\\\/fvz.upr.si\\\/en\\\/project\\\/moj-izziv-iii-interdisciplinarni-pristop-pri-obravnavi-prekomerno-hranjenih-otrok-in-mladostnikov-s-poudarkom-na-dvigu-zdravstvene-pismenosti-cele-druzine-2\\\/\"]}]},{\"@type\":\"BreadcrumbList\",\"@id\":\"https:\\\/\\\/fvz.upr.si\\\/en\\\/project\\\/moj-izziv-iii-interdisciplinarni-pristop-pri-obravnavi-prekomerno-hranjenih-otrok-in-mladostnikov-s-poudarkom-na-dvigu-zdravstvene-pismenosti-cele-druzine-2\\\/#breadcrumb\",\"itemListElement\":[{\"@type\":\"ListItem\",\"position\":1,\"name\":\"Home\",\"item\":\"https:\\\/\\\/fvz.upr.si\\\/\"},{\"@type\":\"ListItem\",\"position\":2,\"name\":\"Projects\",\"item\":\"https:\\\/\\\/fvz.upr.si\\\/project\\\/\"},{\"@type\":\"ListItem\",\"position\":3,\"name\":\"MOJ IZZIV III Interdisciplinarni pristop pri obravnavi prekomerno hranjenih otrok in mladostnikov s poudarkom na dvigu zdravstvene pismenosti cele dru\u017eine\"}]},{\"@type\":\"WebSite\",\"@id\":\"https:\\\/\\\/fvz.upr.si\\\/#website\",\"url\":\"https:\\\/\\\/fvz.upr.si\\\/\",\"name\":\"Fakulteta za vede o zdravju\",\"description\":\"\u017divljenju dodajamo znanje.\",\"publisher\":{\"@id\":\"https:\\\/\\\/fvz.upr.si\\\/#organization\"},\"potentialAction\":[{\"@type\":\"SearchAction\",\"target\":{\"@type\":\"EntryPoint\",\"urlTemplate\":\"https:\\\/\\\/fvz.upr.si\\\/?s={search_term_string}\"},\"query-input\":{\"@type\":\"PropertyValueSpecification\",\"valueRequired\":true,\"valueName\":\"search_term_string\"}}],\"inLanguage\":\"en-US\"},{\"@type\":\"Organization\",\"@id\":\"https:\\\/\\\/fvz.upr.si\\\/#organization\",\"name\":\"Fakulteta za vede o zdravju\",\"url\":\"https:\\\/\\\/fvz.upr.si\\\/\",\"logo\":{\"@type\":\"ImageObject\",\"inLanguage\":\"en-US\",\"@id\":\"https:\\\/\\\/fvz.upr.si\\\/#\\\/schema\\\/logo\\\/image\\\/\",\"url\":\"https:\\\/\\\/fvz.upr.si\\\/wp-content\\\/uploads\\\/2019\\\/03\\\/UP-FVZ_logo-transparent.png\",\"contentUrl\":\"https:\\\/\\\/fvz.upr.si\\\/wp-content\\\/uploads\\\/2019\\\/03\\\/UP-FVZ_logo-transparent.png\",\"width\":1417,\"height\":792,\"caption\":\"Fakulteta za vede o zdravju\"},\"image\":{\"@id\":\"https:\\\/\\\/fvz.upr.si\\\/#\\\/schema\\\/logo\\\/image\\\/\"}}]}<\/script>\n<!-- \/ Yoast SEO plugin. -->","yoast_head_json":{"title":"MOJ IZZIV III Interdisciplinarni pristop pri obravnavi prekomerno hranjenih otrok in mladostnikov s poudarkom na dvigu zdravstvene pismenosti cele dru\u017eine - Fakulteta za vede o zdravju","robots":{"index":"index","follow":"follow","max-snippet":"max-snippet:-1","max-image-preview":"max-image-preview:large","max-video-preview":"max-video-preview:-1"},"canonical":"https:\/\/fvz.upr.si\/en\/project\/moj-izziv-iii-interdisciplinarni-pristop-pri-obravnavi-prekomerno-hranjenih-otrok-in-mladostnikov-s-poudarkom-na-dvigu-zdravstvene-pismenosti-cele-druzine-2\/","og_locale":"en_US","og_type":"article","og_title":"MOJ IZZIV III Interdisciplinarni pristop pri obravnavi prekomerno hranjenih otrok in mladostnikov s poudarkom na dvigu zdravstvene pismenosti cele dru\u017eine - Fakulteta za vede o zdravju","og_description":"DURATION OF THE PROJECT: 1. 1. 2023 - 31. 12. 2025 LEAD PARTNER:Health resort of RCS Debeli rti\u010dPROJECT PARTNERS:UP Faculty of Health SciencesPROJECT LEADER:Breda Prunk Franeti\u010d, MD Tamara Poklar Vatovec, [&hellip;]","og_url":"https:\/\/fvz.upr.si\/en\/project\/moj-izziv-iii-interdisciplinarni-pristop-pri-obravnavi-prekomerno-hranjenih-otrok-in-mladostnikov-s-poudarkom-na-dvigu-zdravstvene-pismenosti-cele-druzine-2\/","og_site_name":"Fakulteta za vede o zdravju","article_modified_time":"2026-03-20T09:59:45+00:00","twitter_card":"summary_large_image","twitter_misc":{"Est. reading time":"2 minutes"},"schema":{"@context":"https:\/\/schema.org","@graph":[{"@type":"WebPage","@id":"https:\/\/fvz.upr.si\/en\/project\/moj-izziv-iii-interdisciplinarni-pristop-pri-obravnavi-prekomerno-hranjenih-otrok-in-mladostnikov-s-poudarkom-na-dvigu-zdravstvene-pismenosti-cele-druzine-2\/","url":"https:\/\/fvz.upr.si\/en\/project\/moj-izziv-iii-interdisciplinarni-pristop-pri-obravnavi-prekomerno-hranjenih-otrok-in-mladostnikov-s-poudarkom-na-dvigu-zdravstvene-pismenosti-cele-druzine-2\/","name":"MOJ IZZIV III Interdisciplinarni pristop pri obravnavi prekomerno hranjenih otrok in mladostnikov s poudarkom na dvigu zdravstvene pismenosti cele dru\u017eine - Fakulteta za vede o zdravju","isPartOf":{"@id":"https:\/\/fvz.upr.si\/#website"},"datePublished":"2023-10-16T07:17:39+00:00","dateModified":"2026-03-20T09:59:45+00:00","breadcrumb":{"@id":"https:\/\/fvz.upr.si\/en\/project\/moj-izziv-iii-interdisciplinarni-pristop-pri-obravnavi-prekomerno-hranjenih-otrok-in-mladostnikov-s-poudarkom-na-dvigu-zdravstvene-pismenosti-cele-druzine-2\/#breadcrumb"},"inLanguage":"en-US","potentialAction":[{"@type":"ReadAction","target":["https:\/\/fvz.upr.si\/en\/project\/moj-izziv-iii-interdisciplinarni-pristop-pri-obravnavi-prekomerno-hranjenih-otrok-in-mladostnikov-s-poudarkom-na-dvigu-zdravstvene-pismenosti-cele-druzine-2\/"]}]},{"@type":"BreadcrumbList","@id":"https:\/\/fvz.upr.si\/en\/project\/moj-izziv-iii-interdisciplinarni-pristop-pri-obravnavi-prekomerno-hranjenih-otrok-in-mladostnikov-s-poudarkom-na-dvigu-zdravstvene-pismenosti-cele-druzine-2\/#breadcrumb","itemListElement":[{"@type":"ListItem","position":1,"name":"Home","item":"https:\/\/fvz.upr.si\/"},{"@type":"ListItem","position":2,"name":"Projects","item":"https:\/\/fvz.upr.si\/project\/"},{"@type":"ListItem","position":3,"name":"MOJ IZZIV III Interdisciplinarni pristop pri obravnavi prekomerno hranjenih otrok in mladostnikov s poudarkom na dvigu zdravstvene pismenosti cele dru\u017eine"}]},{"@type":"WebSite","@id":"https:\/\/fvz.upr.si\/#website","url":"https:\/\/fvz.upr.si\/","name":"Fakulteta za vede o zdravju","description":"\u017divljenju dodajamo znanje.","publisher":{"@id":"https:\/\/fvz.upr.si\/#organization"},"potentialAction":[{"@type":"SearchAction","target":{"@type":"EntryPoint","urlTemplate":"https:\/\/fvz.upr.si\/?s={search_term_string}"},"query-input":{"@type":"PropertyValueSpecification","valueRequired":true,"valueName":"search_term_string"}}],"inLanguage":"en-US"},{"@type":"Organization","@id":"https:\/\/fvz.upr.si\/#organization","name":"Fakulteta za vede o zdravju","url":"https:\/\/fvz.upr.si\/","logo":{"@type":"ImageObject","inLanguage":"en-US","@id":"https:\/\/fvz.upr.si\/#\/schema\/logo\/image\/","url":"https:\/\/fvz.upr.si\/wp-content\/uploads\/2019\/03\/UP-FVZ_logo-transparent.png","contentUrl":"https:\/\/fvz.upr.si\/wp-content\/uploads\/2019\/03\/UP-FVZ_logo-transparent.png","width":1417,"height":792,"caption":"Fakulteta za vede o zdravju"},"image":{"@id":"https:\/\/fvz.upr.si\/#\/schema\/logo\/image\/"}}]}},"_links":{"self":[{"href":"https:\/\/fvz.upr.si\/en\/wp-json\/wp\/v2\/project\/52301","targetHints":{"allow":["GET"]}}],"collection":[{"href":"https:\/\/fvz.upr.si\/en\/wp-json\/wp\/v2\/project"}],"about":[{"href":"https:\/\/fvz.upr.si\/en\/wp-json\/wp\/v2\/types\/project"}],"author":[{"embeddable":true,"href":"https:\/\/fvz.upr.si\/en\/wp-json\/wp\/v2\/users\/12"}],"replies":[{"embeddable":true,"href":"https:\/\/fvz.upr.si\/en\/wp-json\/wp\/v2\/comments?post=52301"}],"version-history":[{"count":5,"href":"https:\/\/fvz.upr.si\/en\/wp-json\/wp\/v2\/project\/52301\/revisions"}],"predecessor-version":[{"id":108627,"href":"https:\/\/fvz.upr.si\/en\/wp-json\/wp\/v2\/project\/52301\/revisions\/108627"}],"wp:attachment":[{"href":"https:\/\/fvz.upr.si\/en\/wp-json\/wp\/v2\/media?parent=52301"}],"wp:term":[{"taxonomy":"project_category","embeddable":true,"href":"https:\/\/fvz.upr.si\/en\/wp-json\/wp\/v2\/project_category?post=52301"},{"taxonomy":"project_tag","embeddable":true,"href":"https:\/\/fvz.upr.si\/en\/wp-json\/wp\/v2\/project_tag?post=52301"}],"curies":[{"name":"wp","href":"https:\/\/api.w.org\/{rel}","templated":true}]}}