{"id":31152,"date":"2020-07-10T11:31:39","date_gmt":"2020-07-10T09:31:39","guid":{"rendered":"https:\/\/fvz.upr.si\/?post_type=project&#038;p=31152"},"modified":"2022-12-16T14:33:35","modified_gmt":"2022-12-16T13:33:35","slug":"j5-4281-razkorak-longitudinal-study-in-competence-potential-of-university-graduates-and-a-gap-between-graduates-competences-and-labour-market-requirements-in-technology-education-and-he","status":"publish","type":"project","link":"https:\/\/fvz.upr.si\/en\/project\/j5-4281-razkorak-longitudinal-study-in-competence-potential-of-university-graduates-and-a-gap-between-graduates-competences-and-labour-market-requirements-in-technology-education-and-he\/","title":{"rendered":"J5-4281 \u00bbRAZKORAK\u00ab Longitudinal study in competence potential of university graduates and a gap between graduates&#8217; competences and labour market requirements in technology, education and health (Basic project ARRS)"},"content":{"rendered":"<p>[et_pb_section fb_built=&#8221;1&#8243; _builder_version=&#8221;4.4.2&#8243; background_enable_color=&#8221;off&#8221; background_image=&#8221;https:\/\/fvz.upr.si\/wp-content\/uploads\/2020\/04\/Raziskovanje-in-razvoj.jpg&#8221; height=&#8221;330px&#8221; animation_style=&#8221;fade&#8221; custom_css_main_element=&#8221;padding-top: 0;||padding-bottom: 0;&#8221; saved_tabs=&#8221;all&#8221;][et_pb_row _builder_version=&#8221;3.27.2&#8243; height=&#8221;100%&#8221; custom_css_main_element=&#8221;position: relative;||padding-top: 0;||padding-bottom: 0;&#8221;][et_pb_column type=&#8221;4_4&#8243; _builder_version=&#8221;3.27.2&#8243; custom_css_main_element=&#8221;height: 100%;&#8221;][et_pb_text _builder_version=&#8221;3.27.4&#8243; _dynamic_attributes=&#8221;content&#8221; text_font=&#8221;Fira Sans|||on|||||&#8221; text_text_color=&#8221;#ffffff&#8221; text_font_size=&#8221;20px&#8221; custom_css_main_element=&#8221;background-color: #bf2f1a;||display: inline-block;||position: absolute;||bottom: 0;||padding: 16px;&#8221; border_width_all=&#8221;2px&#8221; border_color_all=&#8221;#821f22&#8243; border_width_bottom=&#8221;0px&#8221;]@ET-DC@eyJkeW5hbWljIjp0cnVlLCJjb250ZW50IjoicG9zdF90aXRsZSIsInNldHRpbmdzIjp7ImJlZm9yZSI6IiIsImFmdGVyIjoiIn19@[\/et_pb_text][\/et_pb_column][\/et_pb_row][\/et_pb_section][et_pb_section fb_built=&#8221;1&#8243; custom_padding_last_edited=&#8221;on|tablet&#8221; _builder_version=&#8221;3.27.2&#8243; background_color=&#8221;#f1f0ee&#8221; custom_padding=&#8221;60px||60px||false|false&#8221; custom_padding_tablet=&#8221;30px||30px||false|false&#8221; custom_padding_phone=&#8221;&#8221; animation_style=&#8221;fade&#8221; z_index_tablet=&#8221;500&#8243; box_shadow_horizontal_tablet=&#8221;0px&#8221; box_shadow_vertical_tablet=&#8221;0px&#8221; box_shadow_blur_tablet=&#8221;40px&#8221; box_shadow_spread_tablet=&#8221;0px&#8221;][et_pb_row _builder_version=&#8221;4.0.5&#8243; width_tablet=&#8221;80%&#8221; width_phone=&#8221;&#8221; width_last_edited=&#8221;on|desktop&#8221; custom_margin=&#8221;|auto|60px|auto|false|false&#8221; custom_margin_tablet=&#8221;0px||0px||false|false&#8221; custom_margin_phone=&#8221;&#8221; custom_margin_last_edited=&#8221;on|desktop&#8221; custom_padding=&#8221;||||false|false&#8221; locked=&#8221;off&#8221;][et_pb_column type=&#8221;4_4&#8243; _builder_version=&#8221;3.27.2&#8243;][et_pb_text _builder_version=&#8221;4.0.5&#8243; text_font=&#8221;Fira Sans|700||on|||||&#8221; text_text_color=&#8221;#bf2e1b&#8221; text_font_size=&#8221;22px&#8221; header_font=&#8221;Arial|||on|||||&#8221; header_2_font=&#8221;||||||||&#8221; header_2_text_align=&#8221;left&#8221; header_2_font_size=&#8221;24px&#8221; custom_padding=&#8221;||||false|false&#8221;] <strong>Duration of the project:<\/strong>[\/et_pb_text][et_pb_text _builder_version=&#8221;4.4.7&#8243; custom_padding=&#8221;||0px|||&#8221;]<\/p>\n<div style=\"text-align: justify;\">1.7.2011 &#8211; 30.6.2014<\/div>\n<p>[\/et_pb_text][\/et_pb_column][\/et_pb_row][et_pb_row _builder_version=&#8221;3.27.2&#8243; width_tablet=&#8221;80%&#8221; width_phone=&#8221;&#8221; width_last_edited=&#8221;on|desktop&#8221; custom_margin=&#8221;30px|auto|30px|auto|false|false&#8221; custom_margin_tablet=&#8221;0px||0px||false|false&#8221; custom_margin_phone=&#8221;&#8221; custom_margin_last_edited=&#8221;on|desktop&#8221; custom_padding=&#8221;||||false|false&#8221; locked=&#8221;off&#8221;][et_pb_column type=&#8221;4_4&#8243; _builder_version=&#8221;3.27.2&#8243;][et_pb_text _builder_version=&#8221;3.27.4&#8243; text_font=&#8221;Fira Sans|700||on|||||&#8221; text_text_color=&#8221;#bf2e1b&#8221; text_font_size=&#8221;22px&#8221; header_font=&#8221;Arial|||on|||||&#8221; header_2_font=&#8221;||||||||&#8221; header_2_text_align=&#8221;left&#8221; header_2_font_size=&#8221;24px&#8221; custom_margin=&#8221;-35px|||||&#8221; custom_padding=&#8221;||||false|false&#8221;]<strong>Principal investigator \/ researcher:<\/strong>[\/et_pb_text][et_pb_text _builder_version=&#8221;4.4.7&#8243; custom_padding=&#8221;||0px|||&#8221;]University of Ljubljana, Faculty of Civil and Geodetic Engineering Ljubljana[\/et_pb_text][\/et_pb_column][\/et_pb_row][et_pb_row _builder_version=&#8221;3.27.2&#8243; width_tablet=&#8221;80%&#8221; width_phone=&#8221;&#8221; width_last_edited=&#8221;on|desktop&#8221; custom_margin=&#8221;30px|auto||auto|false|false&#8221; custom_margin_tablet=&#8221;0px||0px||false|false&#8221; custom_margin_phone=&#8221;&#8221; custom_margin_last_edited=&#8221;on|tablet&#8221; custom_padding=&#8221;||||false|false&#8221; locked=&#8221;off&#8221;][et_pb_column type=&#8221;4_4&#8243; _builder_version=&#8221;3.27.2&#8243;][et_pb_text _builder_version=&#8221;4.4.2&#8243; text_font=&#8221;Fira Sans|700||on|||||&#8221; text_text_color=&#8221;#bf2e1b&#8221; text_font_size=&#8221;22px&#8221; header_font=&#8221;Arial|||on|||||&#8221; header_2_font=&#8221;||||||||&#8221; header_2_text_align=&#8221;left&#8221; header_2_font_size=&#8221;24px&#8221; custom_padding=&#8221;||||false|false&#8221;]<strong>Collaborating parties \/ partners:<\/strong>[\/et_pb_text][et_pb_text _builder_version=&#8221;4.4.7&#8243; custom_padding=&#8221;||0px|||&#8221;]Educational Research Institute Ljubljana<br \/>\nFaculty of Art Ljubljana<br \/>\nUniversity of Primorska Faculty of Education Koper<br \/>\nUniversity of Primorska Faculty of Health Sciences Izola<br \/>\nUniversity of Ljubljana, Faculty of Electrical Engineering Ljubljana[\/et_pb_text][\/et_pb_column][\/et_pb_row][et_pb_row _builder_version=&#8221;3.27.2&#8243; width_tablet=&#8221;80%&#8221; width_phone=&#8221;&#8221; width_last_edited=&#8221;on|desktop&#8221; custom_margin=&#8221;30px|auto||auto|false|false&#8221; custom_margin_tablet=&#8221;0px||0px||false|false&#8221; custom_margin_phone=&#8221;&#8221; custom_margin_last_edited=&#8221;on|tablet&#8221; custom_padding=&#8221;||||false|false&#8221; locked=&#8221;off&#8221;][et_pb_column type=&#8221;4_4&#8243; _builder_version=&#8221;3.27.2&#8243;][et_pb_text _builder_version=&#8221;4.4.2&#8243; text_font=&#8221;Fira Sans|700||on|||||&#8221; text_text_color=&#8221;#bf2e1b&#8221; text_font_size=&#8221;22px&#8221; header_font=&#8221;Arial|||on|||||&#8221; header_2_font=&#8221;||||||||&#8221; header_2_text_align=&#8221;left&#8221; header_2_font_size=&#8221;24px&#8221; custom_padding=&#8221;||||false|false&#8221;]<strong>Principal investigator \/ researcher:<\/strong>[\/et_pb_text][et_pb_text _builder_version=&#8221;4.6.6&#8243; custom_padding=&#8221;||0px|||&#8221; hover_enabled=&#8221;0&#8243; sticky_enabled=&#8221;0&#8243;]<\/p>\n<p>Associate Prof. Isteni\u010d Star\u010di\u010d Andreja\u00a0(<a href=\"http:\/\/www.sicris.si\/search\/rsr.aspx?lang=eng&amp;id=12216\">SICRIS<\/a>, <a href=\"https:\/\/www.researchgate.net\/profile\/Andreja_Istenic_Starcic\">ResearchGate<\/a>)<\/p>\n<p>[\/et_pb_text][\/et_pb_column][\/et_pb_row][et_pb_row _builder_version=&#8221;3.27.2&#8243; width_tablet=&#8221;80%&#8221; width_phone=&#8221;&#8221; width_last_edited=&#8221;on|desktop&#8221; custom_margin=&#8221;30px|auto||auto|false|false&#8221; custom_margin_tablet=&#8221;0px||0px||false|false&#8221; custom_margin_phone=&#8221;&#8221; custom_margin_last_edited=&#8221;on|tablet&#8221; custom_padding=&#8221;||||false|false&#8221; locked=&#8221;off&#8221;][et_pb_column type=&#8221;4_4&#8243; _builder_version=&#8221;3.27.2&#8243;][et_pb_text _builder_version=&#8221;4.4.2&#8243; text_font=&#8221;Fira Sans|700||on|||||&#8221; text_text_color=&#8221;#bf2e1b&#8221; text_font_size=&#8221;22px&#8221; header_font=&#8221;Arial|||on|||||&#8221; header_2_font=&#8221;||||||||&#8221; header_2_text_align=&#8221;left&#8221; header_2_font_size=&#8221;24px&#8221; custom_padding=&#8221;||||false|false&#8221;]<strong>Link:<\/strong>[\/et_pb_text][et_pb_text _builder_version=&#8221;4.4.8&#8243; custom_padding=&#8221;||0px|||&#8221;]<\/p>\n<p><a href=\"http:\/\/www.sicris.si\/search\/prj.aspx?lang=slv&amp;id=7001\">SICRIS<\/a><\/p>\n<p>[\/et_pb_text][\/et_pb_column][\/et_pb_row][et_pb_row _builder_version=&#8221;4.0.5&#8243; width_tablet=&#8221;80%&#8221; width_phone=&#8221;&#8221; width_last_edited=&#8221;on|desktop&#8221; custom_margin=&#8221;30px|auto||auto|false|false&#8221; custom_margin_tablet=&#8221;0px||0px||false|false&#8221; custom_margin_phone=&#8221;&#8221; custom_margin_last_edited=&#8221;on|tablet&#8221; custom_padding=&#8221;||||false|false&#8221; locked=&#8221;off&#8221;][et_pb_column type=&#8221;4_4&#8243; _builder_version=&#8221;4.0.5&#8243;][et_pb_text _builder_version=&#8221;4.4.2&#8243; text_font=&#8221;Fira Sans|700||on|||||&#8221; text_text_color=&#8221;#bf2e1b&#8221; text_font_size=&#8221;22px&#8221; header_font=&#8221;Arial|||on|||||&#8221; header_2_font=&#8221;||||||||&#8221; header_2_text_align=&#8221;left&#8221; header_2_font_size=&#8221;24px&#8221; custom_padding=&#8221;||||false|false&#8221;]<strong>Abstract:<\/strong>[\/et_pb_text][et_pb_text _builder_version=&#8221;4.4.7&#8243; custom_padding=&#8221;||0px|||&#8221;]The competence concept, it\u2019s modelling, needs assessment and evaluation is challenging research in education as also transdisciplinary research. Competences in contemporary society can no longer be described as fixed set of skills; they represent a dynamic combination of abilities, skills and knowledge. Competences are context dependent and reflect person\u2019s potential realised in different contexts. It is being developed in the processes of learning, education, training and work based activities. Witt in Lehmann identify in the internal dimension which is reflecting the individual characteristics and external dimension which is reflecting demands of working processes (2001). Boyantzis defines competences as individual abilities which reflect motives, values, self-image, social roles, skills and knowledge which individual is applying and are connected with the results in the work place (1982, 2008). Competences as actualised potentials which individual apply in a concrete situation. Klieme in Leutner define competences and as context-specific cognitive dispositions that are acquired and needed to successfuly cope with certain situations or tasks in specific domains (Klieme in Leutner 2006). In the education the demands for accountability shift the focus on the competency based curriculum (Wise, 1979; Slavin, 2002). Mclelland as alternative to measurement of general cognitive abilities identifies testing of competency with the criterion sampling with the testing of authentic tasks from real life work based environments (1973). Competencies in bologna competency based study programmes provide a framework for curriculum design. Longitudinal survey within old and bologna programs will provide longitudinal assessment data during study, after graduation in employment to identify how the competences have been developed, how students perceive professional competences, how learning environment influence students approaches to learning and competence development, how competences are actualised when graduates enter labour market and get employed. Assessment of competences are also an important focus of this study. Within the proposed research will measurement of small segment of generic competences take place. The level of competency acquired will be in the focus of measurement. In this way the topic of this research will also be a psychometric measurement of competencies. The instruments will be designed and developed also as an example how to design competency assessment instruments and as a case to be applied within different disciplines and subject specific competencies. Purpose: (1) The development of instruments for needs assessment and evaluation of competences of graduates. (2) State of the art and analysis of the competences divide among competence needs (in work environments, university and students themselves) and actualised competences (of graduates in the selected fields of technology, education, psychology and health). Objective: (1) Instruments for competence potential assessment and the analyse of divide among needs and realised competences; Instruments will support the competence management in different areas. (2) Longitudinal analyses competence potential in technology in the field of civil engineering, geodesy and electrical engineering, in education, psychology and in health. Participants will be student, graduates and employers. The analysis will cover state of the art and divide\/disparity between stakeholders. In the study, different methodological approaches will be combined \u2013 a survey study (quantitative approach) will be combined with selected qualitative research methods. A combined approach is necessary to obtain a holistic view about the research object. Quantitative data will allow for generalizability, whereas qualitative data will bring a deeper and informationally richer insight, and possibly provide some findings that could not be foreseen at the beginning of the study.[\/et_pb_text][\/et_pb_column][\/et_pb_row][\/et_pb_section]<\/p>\n","protected":false},"excerpt":{"rendered":"<p>Duration of the project:1.7.2011 &#8211; 30.6.2014Principal investigator \/ researcher:University of Ljubljana, Faculty of Civil and Geodetic Engineering LjubljanaCollaborating parties \/ partners:Educational Research Institute Ljubljana Faculty of Art Ljubljana University of [&hellip;]<\/p>\n","protected":false},"author":12,"featured_media":29111,"comment_status":"closed","ping_status":"closed","template":"","meta":{"_et_pb_use_builder":"on","_et_pb_old_content":"","_et_gb_content_width":"","_price":"","_stock":"","_tribe_ticket_header":"","_tribe_default_ticket_provider":"","_tribe_ticket_capacity":"0","_ticket_start_date":"","_ticket_end_date":"","_tribe_ticket_show_description":"","_tribe_ticket_show_not_going":false,"_tribe_ticket_use_global_stock":"","_tribe_ticket_global_stock_level":"","_global_stock_mode":"","_global_stock_cap":"","_tribe_rsvp_for_event":"","_tribe_ticket_going_count":"","_tribe_ticket_not_going_count":"","_tribe_tickets_list":"[]","_tribe_ticket_has_attendee_info_fields":false,"footnotes":""},"project_category":[218,140,146,184,144,148],"project_tag":[],"class_list":["post-31152","project","type-project","status-publish","has-post-thumbnail","hentry","project_category-education-in-nursing-completed","project_category-nursing","project_category-nursing-professionalization","project_category-nursing-professionalization-completed","project_category-research-and-development-projects-completed","project_category-social-aspects-of-health-and-disease-completed"],"yoast_head":"<!-- This site is optimized with the Yoast SEO plugin v27.5 - https:\/\/yoast.com\/product\/yoast-seo-wordpress\/ -->\n<title>J5-4281 \u00bbRAZKORAK\u00ab Longitudinal study in competence potential of university graduates and a gap between graduates&#039; competences and labour market requirements in technology, education and health (Basic project ARRS) - Fakulteta za vede o zdravju<\/title>\n<meta name=\"robots\" content=\"index, follow, max-snippet:-1, max-image-preview:large, max-video-preview:-1\" \/>\n<link rel=\"canonical\" href=\"https:\/\/fvz.upr.si\/project\/j5-4281-razkorak-longitudinalna-raziskava-kompetencnega-potenciala-univerzitetnih-diplomantov-in-razkoraka-med-aktualiziranimi-kompetencami-in-potrebami-na-trgu-dela-v-tehniki-izobrazevanju-in-zdravs\/\" \/>\n<meta property=\"og:locale\" content=\"en_US\" \/>\n<meta property=\"og:type\" content=\"article\" \/>\n<meta property=\"og:title\" content=\"J5-4281 \u00bbRAZKORAK\u00ab Longitudinal study in competence potential of university graduates and a gap between graduates&#039; competences and labour market requirements in technology, education and health (Basic project ARRS) - Fakulteta za vede o zdravju\" \/>\n<meta property=\"og:description\" content=\"Duration of the project:1.7.2011 - 30.6.2014Principal investigator \/ researcher:University of Ljubljana, Faculty of Civil and Geodetic Engineering LjubljanaCollaborating parties \/ partners:Educational Research Institute Ljubljana Faculty of Art Ljubljana University of [&hellip;]\" \/>\n<meta property=\"og:url\" content=\"https:\/\/fvz.upr.si\/project\/j5-4281-razkorak-longitudinalna-raziskava-kompetencnega-potenciala-univerzitetnih-diplomantov-in-razkoraka-med-aktualiziranimi-kompetencami-in-potrebami-na-trgu-dela-v-tehniki-izobrazevanju-in-zdravs\/\" \/>\n<meta property=\"og:site_name\" content=\"Fakulteta za vede o zdravju\" \/>\n<meta property=\"article:modified_time\" content=\"2022-12-16T13:33:35+00:00\" \/>\n<meta property=\"og:image\" content=\"https:\/\/fvz.upr.si\/wp-content\/uploads\/2020\/04\/Raziskovanje-in-razvoj.jpg\" \/>\n\t<meta property=\"og:image:width\" content=\"968\" \/>\n\t<meta property=\"og:image:height\" content=\"468\" \/>\n\t<meta property=\"og:image:type\" content=\"image\/jpeg\" \/>\n<meta name=\"twitter:card\" content=\"summary_large_image\" \/>\n<meta name=\"twitter:label1\" content=\"Est. reading time\" \/>\n\t<meta name=\"twitter:data1\" content=\"5 minutes\" \/>\n<script type=\"application\/ld+json\" class=\"yoast-schema-graph\">{\"@context\":\"https:\\\/\\\/schema.org\",\"@graph\":[{\"@type\":\"WebPage\",\"@id\":\"https:\\\/\\\/fvz.upr.si\\\/project\\\/j5-4281-razkorak-longitudinalna-raziskava-kompetencnega-potenciala-univerzitetnih-diplomantov-in-razkoraka-med-aktualiziranimi-kompetencami-in-potrebami-na-trgu-dela-v-tehniki-izobrazevanju-in-zdravs\\\/\",\"url\":\"https:\\\/\\\/fvz.upr.si\\\/project\\\/j5-4281-razkorak-longitudinalna-raziskava-kompetencnega-potenciala-univerzitetnih-diplomantov-in-razkoraka-med-aktualiziranimi-kompetencami-in-potrebami-na-trgu-dela-v-tehniki-izobrazevanju-in-zdravs\\\/\",\"name\":\"J5-4281 \u00bbRAZKORAK\u00ab Longitudinal study in competence potential of university graduates and a gap between graduates' competences and labour market requirements in technology, education and health (Basic project ARRS) - Fakulteta za vede o zdravju\",\"isPartOf\":{\"@id\":\"https:\\\/\\\/fvz.upr.si\\\/#website\"},\"primaryImageOfPage\":{\"@id\":\"https:\\\/\\\/fvz.upr.si\\\/project\\\/j5-4281-razkorak-longitudinalna-raziskava-kompetencnega-potenciala-univerzitetnih-diplomantov-in-razkoraka-med-aktualiziranimi-kompetencami-in-potrebami-na-trgu-dela-v-tehniki-izobrazevanju-in-zdravs\\\/#primaryimage\"},\"image\":{\"@id\":\"https:\\\/\\\/fvz.upr.si\\\/project\\\/j5-4281-razkorak-longitudinalna-raziskava-kompetencnega-potenciala-univerzitetnih-diplomantov-in-razkoraka-med-aktualiziranimi-kompetencami-in-potrebami-na-trgu-dela-v-tehniki-izobrazevanju-in-zdravs\\\/#primaryimage\"},\"thumbnailUrl\":\"https:\\\/\\\/fvz.upr.si\\\/wp-content\\\/uploads\\\/2020\\\/04\\\/Raziskovanje-in-razvoj.jpg\",\"datePublished\":\"2020-07-10T09:31:39+00:00\",\"dateModified\":\"2022-12-16T13:33:35+00:00\",\"breadcrumb\":{\"@id\":\"https:\\\/\\\/fvz.upr.si\\\/project\\\/j5-4281-razkorak-longitudinalna-raziskava-kompetencnega-potenciala-univerzitetnih-diplomantov-in-razkoraka-med-aktualiziranimi-kompetencami-in-potrebami-na-trgu-dela-v-tehniki-izobrazevanju-in-zdravs\\\/#breadcrumb\"},\"inLanguage\":\"en-US\",\"potentialAction\":[{\"@type\":\"ReadAction\",\"target\":[\"https:\\\/\\\/fvz.upr.si\\\/project\\\/j5-4281-razkorak-longitudinalna-raziskava-kompetencnega-potenciala-univerzitetnih-diplomantov-in-razkoraka-med-aktualiziranimi-kompetencami-in-potrebami-na-trgu-dela-v-tehniki-izobrazevanju-in-zdravs\\\/\"]}]},{\"@type\":\"ImageObject\",\"inLanguage\":\"en-US\",\"@id\":\"https:\\\/\\\/fvz.upr.si\\\/project\\\/j5-4281-razkorak-longitudinalna-raziskava-kompetencnega-potenciala-univerzitetnih-diplomantov-in-razkoraka-med-aktualiziranimi-kompetencami-in-potrebami-na-trgu-dela-v-tehniki-izobrazevanju-in-zdravs\\\/#primaryimage\",\"url\":\"https:\\\/\\\/fvz.upr.si\\\/wp-content\\\/uploads\\\/2020\\\/04\\\/Raziskovanje-in-razvoj.jpg\",\"contentUrl\":\"https:\\\/\\\/fvz.upr.si\\\/wp-content\\\/uploads\\\/2020\\\/04\\\/Raziskovanje-in-razvoj.jpg\",\"width\":968,\"height\":468},{\"@type\":\"BreadcrumbList\",\"@id\":\"https:\\\/\\\/fvz.upr.si\\\/project\\\/j5-4281-razkorak-longitudinalna-raziskava-kompetencnega-potenciala-univerzitetnih-diplomantov-in-razkoraka-med-aktualiziranimi-kompetencami-in-potrebami-na-trgu-dela-v-tehniki-izobrazevanju-in-zdravs\\\/#breadcrumb\",\"itemListElement\":[{\"@type\":\"ListItem\",\"position\":1,\"name\":\"Home\",\"item\":\"https:\\\/\\\/fvz.upr.si\\\/\"},{\"@type\":\"ListItem\",\"position\":2,\"name\":\"Projects\",\"item\":\"https:\\\/\\\/fvz.upr.si\\\/project\\\/\"},{\"@type\":\"ListItem\",\"position\":3,\"name\":\"J5-4281 \u00bbRAZKORAK\u00ab Longitudinal study in competence potential of university graduates and a gap between graduates&#8217; competences and labour market requirements in technology, education and health (Basic project ARRS)\"}]},{\"@type\":\"WebSite\",\"@id\":\"https:\\\/\\\/fvz.upr.si\\\/#website\",\"url\":\"https:\\\/\\\/fvz.upr.si\\\/\",\"name\":\"Fakulteta za vede o zdravju\",\"description\":\"\u017divljenju dodajamo znanje.\",\"publisher\":{\"@id\":\"https:\\\/\\\/fvz.upr.si\\\/#organization\"},\"potentialAction\":[{\"@type\":\"SearchAction\",\"target\":{\"@type\":\"EntryPoint\",\"urlTemplate\":\"https:\\\/\\\/fvz.upr.si\\\/?s={search_term_string}\"},\"query-input\":{\"@type\":\"PropertyValueSpecification\",\"valueRequired\":true,\"valueName\":\"search_term_string\"}}],\"inLanguage\":\"en-US\"},{\"@type\":\"Organization\",\"@id\":\"https:\\\/\\\/fvz.upr.si\\\/#organization\",\"name\":\"Fakulteta za vede o zdravju\",\"url\":\"https:\\\/\\\/fvz.upr.si\\\/\",\"logo\":{\"@type\":\"ImageObject\",\"inLanguage\":\"en-US\",\"@id\":\"https:\\\/\\\/fvz.upr.si\\\/#\\\/schema\\\/logo\\\/image\\\/\",\"url\":\"https:\\\/\\\/fvz.upr.si\\\/wp-content\\\/uploads\\\/2019\\\/03\\\/UP-FVZ_logo-transparent.png\",\"contentUrl\":\"https:\\\/\\\/fvz.upr.si\\\/wp-content\\\/uploads\\\/2019\\\/03\\\/UP-FVZ_logo-transparent.png\",\"width\":1417,\"height\":792,\"caption\":\"Fakulteta za vede o zdravju\"},\"image\":{\"@id\":\"https:\\\/\\\/fvz.upr.si\\\/#\\\/schema\\\/logo\\\/image\\\/\"}}]}<\/script>\n<!-- \/ Yoast SEO plugin. -->","yoast_head_json":{"title":"J5-4281 \u00bbRAZKORAK\u00ab Longitudinal study in competence potential of university graduates and a gap between graduates' competences and labour market requirements in technology, education and health (Basic project ARRS) - Fakulteta za vede o zdravju","robots":{"index":"index","follow":"follow","max-snippet":"max-snippet:-1","max-image-preview":"max-image-preview:large","max-video-preview":"max-video-preview:-1"},"canonical":"https:\/\/fvz.upr.si\/project\/j5-4281-razkorak-longitudinalna-raziskava-kompetencnega-potenciala-univerzitetnih-diplomantov-in-razkoraka-med-aktualiziranimi-kompetencami-in-potrebami-na-trgu-dela-v-tehniki-izobrazevanju-in-zdravs\/","og_locale":"en_US","og_type":"article","og_title":"J5-4281 \u00bbRAZKORAK\u00ab Longitudinal study in competence potential of university graduates and a gap between graduates' competences and labour market requirements in technology, education and health (Basic project ARRS) - Fakulteta za vede o zdravju","og_description":"Duration of the project:1.7.2011 - 30.6.2014Principal investigator \/ researcher:University of Ljubljana, Faculty of Civil and Geodetic Engineering LjubljanaCollaborating parties \/ partners:Educational Research Institute Ljubljana Faculty of Art Ljubljana University of [&hellip;]","og_url":"https:\/\/fvz.upr.si\/project\/j5-4281-razkorak-longitudinalna-raziskava-kompetencnega-potenciala-univerzitetnih-diplomantov-in-razkoraka-med-aktualiziranimi-kompetencami-in-potrebami-na-trgu-dela-v-tehniki-izobrazevanju-in-zdravs\/","og_site_name":"Fakulteta za vede o zdravju","article_modified_time":"2022-12-16T13:33:35+00:00","og_image":[{"width":968,"height":468,"url":"https:\/\/fvz.upr.si\/wp-content\/uploads\/2020\/04\/Raziskovanje-in-razvoj.jpg","type":"image\/jpeg"}],"twitter_card":"summary_large_image","twitter_misc":{"Est. reading time":"5 minutes"},"schema":{"@context":"https:\/\/schema.org","@graph":[{"@type":"WebPage","@id":"https:\/\/fvz.upr.si\/project\/j5-4281-razkorak-longitudinalna-raziskava-kompetencnega-potenciala-univerzitetnih-diplomantov-in-razkoraka-med-aktualiziranimi-kompetencami-in-potrebami-na-trgu-dela-v-tehniki-izobrazevanju-in-zdravs\/","url":"https:\/\/fvz.upr.si\/project\/j5-4281-razkorak-longitudinalna-raziskava-kompetencnega-potenciala-univerzitetnih-diplomantov-in-razkoraka-med-aktualiziranimi-kompetencami-in-potrebami-na-trgu-dela-v-tehniki-izobrazevanju-in-zdravs\/","name":"J5-4281 \u00bbRAZKORAK\u00ab Longitudinal study in competence potential of university graduates and a gap between graduates' competences and labour market requirements in technology, education and health (Basic project ARRS) - Fakulteta za vede o zdravju","isPartOf":{"@id":"https:\/\/fvz.upr.si\/#website"},"primaryImageOfPage":{"@id":"https:\/\/fvz.upr.si\/project\/j5-4281-razkorak-longitudinalna-raziskava-kompetencnega-potenciala-univerzitetnih-diplomantov-in-razkoraka-med-aktualiziranimi-kompetencami-in-potrebami-na-trgu-dela-v-tehniki-izobrazevanju-in-zdravs\/#primaryimage"},"image":{"@id":"https:\/\/fvz.upr.si\/project\/j5-4281-razkorak-longitudinalna-raziskava-kompetencnega-potenciala-univerzitetnih-diplomantov-in-razkoraka-med-aktualiziranimi-kompetencami-in-potrebami-na-trgu-dela-v-tehniki-izobrazevanju-in-zdravs\/#primaryimage"},"thumbnailUrl":"https:\/\/fvz.upr.si\/wp-content\/uploads\/2020\/04\/Raziskovanje-in-razvoj.jpg","datePublished":"2020-07-10T09:31:39+00:00","dateModified":"2022-12-16T13:33:35+00:00","breadcrumb":{"@id":"https:\/\/fvz.upr.si\/project\/j5-4281-razkorak-longitudinalna-raziskava-kompetencnega-potenciala-univerzitetnih-diplomantov-in-razkoraka-med-aktualiziranimi-kompetencami-in-potrebami-na-trgu-dela-v-tehniki-izobrazevanju-in-zdravs\/#breadcrumb"},"inLanguage":"en-US","potentialAction":[{"@type":"ReadAction","target":["https:\/\/fvz.upr.si\/project\/j5-4281-razkorak-longitudinalna-raziskava-kompetencnega-potenciala-univerzitetnih-diplomantov-in-razkoraka-med-aktualiziranimi-kompetencami-in-potrebami-na-trgu-dela-v-tehniki-izobrazevanju-in-zdravs\/"]}]},{"@type":"ImageObject","inLanguage":"en-US","@id":"https:\/\/fvz.upr.si\/project\/j5-4281-razkorak-longitudinalna-raziskava-kompetencnega-potenciala-univerzitetnih-diplomantov-in-razkoraka-med-aktualiziranimi-kompetencami-in-potrebami-na-trgu-dela-v-tehniki-izobrazevanju-in-zdravs\/#primaryimage","url":"https:\/\/fvz.upr.si\/wp-content\/uploads\/2020\/04\/Raziskovanje-in-razvoj.jpg","contentUrl":"https:\/\/fvz.upr.si\/wp-content\/uploads\/2020\/04\/Raziskovanje-in-razvoj.jpg","width":968,"height":468},{"@type":"BreadcrumbList","@id":"https:\/\/fvz.upr.si\/project\/j5-4281-razkorak-longitudinalna-raziskava-kompetencnega-potenciala-univerzitetnih-diplomantov-in-razkoraka-med-aktualiziranimi-kompetencami-in-potrebami-na-trgu-dela-v-tehniki-izobrazevanju-in-zdravs\/#breadcrumb","itemListElement":[{"@type":"ListItem","position":1,"name":"Home","item":"https:\/\/fvz.upr.si\/"},{"@type":"ListItem","position":2,"name":"Projects","item":"https:\/\/fvz.upr.si\/project\/"},{"@type":"ListItem","position":3,"name":"J5-4281 \u00bbRAZKORAK\u00ab Longitudinal study in competence potential of university graduates and a gap between graduates&#8217; competences and labour market requirements in technology, education and health (Basic project ARRS)"}]},{"@type":"WebSite","@id":"https:\/\/fvz.upr.si\/#website","url":"https:\/\/fvz.upr.si\/","name":"Fakulteta za vede o zdravju","description":"\u017divljenju dodajamo znanje.","publisher":{"@id":"https:\/\/fvz.upr.si\/#organization"},"potentialAction":[{"@type":"SearchAction","target":{"@type":"EntryPoint","urlTemplate":"https:\/\/fvz.upr.si\/?s={search_term_string}"},"query-input":{"@type":"PropertyValueSpecification","valueRequired":true,"valueName":"search_term_string"}}],"inLanguage":"en-US"},{"@type":"Organization","@id":"https:\/\/fvz.upr.si\/#organization","name":"Fakulteta za vede o zdravju","url":"https:\/\/fvz.upr.si\/","logo":{"@type":"ImageObject","inLanguage":"en-US","@id":"https:\/\/fvz.upr.si\/#\/schema\/logo\/image\/","url":"https:\/\/fvz.upr.si\/wp-content\/uploads\/2019\/03\/UP-FVZ_logo-transparent.png","contentUrl":"https:\/\/fvz.upr.si\/wp-content\/uploads\/2019\/03\/UP-FVZ_logo-transparent.png","width":1417,"height":792,"caption":"Fakulteta za vede o zdravju"},"image":{"@id":"https:\/\/fvz.upr.si\/#\/schema\/logo\/image\/"}}]}},"_links":{"self":[{"href":"https:\/\/fvz.upr.si\/en\/wp-json\/wp\/v2\/project\/31152","targetHints":{"allow":["GET"]}}],"collection":[{"href":"https:\/\/fvz.upr.si\/en\/wp-json\/wp\/v2\/project"}],"about":[{"href":"https:\/\/fvz.upr.si\/en\/wp-json\/wp\/v2\/types\/project"}],"author":[{"embeddable":true,"href":"https:\/\/fvz.upr.si\/en\/wp-json\/wp\/v2\/users\/12"}],"replies":[{"embeddable":true,"href":"https:\/\/fvz.upr.si\/en\/wp-json\/wp\/v2\/comments?post=31152"}],"version-history":[{"count":5,"href":"https:\/\/fvz.upr.si\/en\/wp-json\/wp\/v2\/project\/31152\/revisions"}],"predecessor-version":[{"id":46857,"href":"https:\/\/fvz.upr.si\/en\/wp-json\/wp\/v2\/project\/31152\/revisions\/46857"}],"wp:featuredmedia":[{"embeddable":true,"href":"https:\/\/fvz.upr.si\/en\/wp-json\/wp\/v2\/media\/29111"}],"wp:attachment":[{"href":"https:\/\/fvz.upr.si\/en\/wp-json\/wp\/v2\/media?parent=31152"}],"wp:term":[{"taxonomy":"project_category","embeddable":true,"href":"https:\/\/fvz.upr.si\/en\/wp-json\/wp\/v2\/project_category?post=31152"},{"taxonomy":"project_tag","embeddable":true,"href":"https:\/\/fvz.upr.si\/en\/wp-json\/wp\/v2\/project_tag?post=31152"}],"curies":[{"name":"wp","href":"https:\/\/api.w.org\/{rel}","templated":true}]}}