{"id":30960,"date":"2020-07-08T13:09:02","date_gmt":"2020-07-08T11:09:02","guid":{"rendered":"https:\/\/fvz.upr.si\/?post_type=project&#038;p=30960"},"modified":"2020-10-26T09:02:32","modified_gmt":"2020-10-26T08:02:32","slug":"eatmot-psycho-social-motivations-associated-with-food-choices-and-eating-practices","status":"publish","type":"project","link":"https:\/\/fvz.upr.si\/en\/project\/eatmot-psycho-social-motivations-associated-with-food-choices-and-eating-practices\/","title":{"rendered":"EATMOT Psycho-social motivations associated with food choices and eating practices"},"content":{"rendered":"<p>[et_pb_section fb_built=&#8221;1&#8243; _builder_version=&#8221;4.4.2&#8243; background_enable_color=&#8221;off&#8221; background_image=&#8221;https:\/\/fvz.upr.si\/wp-content\/uploads\/2020\/04\/Raziskovanje-in-razvoj.jpg&#8221; height=&#8221;330px&#8221; animation_style=&#8221;fade&#8221; custom_css_main_element=&#8221;padding-top: 0;||padding-bottom: 0;&#8221; saved_tabs=&#8221;all&#8221;][et_pb_row _builder_version=&#8221;3.27.2&#8243; height=&#8221;100%&#8221; custom_css_main_element=&#8221;position: relative;||padding-top: 0;||padding-bottom: 0;&#8221;][et_pb_column type=&#8221;4_4&#8243; _builder_version=&#8221;3.27.2&#8243; custom_css_main_element=&#8221;height: 100%;&#8221;][et_pb_text _builder_version=&#8221;3.27.4&#8243; _dynamic_attributes=&#8221;content&#8221; text_font=&#8221;Fira Sans|||on|||||&#8221; text_text_color=&#8221;#ffffff&#8221; text_font_size=&#8221;20px&#8221; custom_css_main_element=&#8221;background-color: #bf2f1a;||display: inline-block;||position: absolute;||bottom: 0;||padding: 16px;&#8221; border_width_all=&#8221;2px&#8221; border_color_all=&#8221;#821f22&#8243; border_width_bottom=&#8221;0px&#8221;]@ET-DC@eyJkeW5hbWljIjp0cnVlLCJjb250ZW50IjoicG9zdF90aXRsZSIsInNldHRpbmdzIjp7ImJlZm9yZSI6IiIsImFmdGVyIjoiIn19@[\/et_pb_text][\/et_pb_column][\/et_pb_row][\/et_pb_section][et_pb_section fb_built=&#8221;1&#8243; custom_padding_last_edited=&#8221;on|tablet&#8221; _builder_version=&#8221;3.27.2&#8243; background_color=&#8221;#f1f0ee&#8221; custom_padding=&#8221;60px||60px||false|false&#8221; custom_padding_tablet=&#8221;30px||30px||false|false&#8221; custom_padding_phone=&#8221;&#8221; animation_style=&#8221;fade&#8221; z_index_tablet=&#8221;500&#8243; box_shadow_horizontal_tablet=&#8221;0px&#8221; box_shadow_vertical_tablet=&#8221;0px&#8221; box_shadow_blur_tablet=&#8221;40px&#8221; box_shadow_spread_tablet=&#8221;0px&#8221;][et_pb_row _builder_version=&#8221;4.0.5&#8243; width_tablet=&#8221;80%&#8221; width_phone=&#8221;&#8221; width_last_edited=&#8221;on|desktop&#8221; custom_margin=&#8221;|auto|60px|auto|false|false&#8221; custom_margin_tablet=&#8221;0px||0px||false|false&#8221; custom_margin_phone=&#8221;&#8221; custom_margin_last_edited=&#8221;on|desktop&#8221; custom_padding=&#8221;||||false|false&#8221; locked=&#8221;off&#8221;][et_pb_column type=&#8221;4_4&#8243; _builder_version=&#8221;3.27.2&#8243;][et_pb_text _builder_version=&#8221;4.4.8&#8243; text_font=&#8221;Fira Sans|700||on|||||&#8221; text_text_color=&#8221;#bf2e1b&#8221; text_font_size=&#8221;22px&#8221; header_font=&#8221;Arial|||on|||||&#8221; header_2_font=&#8221;||||||||&#8221; header_2_text_align=&#8221;left&#8221; header_2_font_size=&#8221;24px&#8221; custom_padding=&#8221;||||false|false&#8221;]<\/p>\n<p><span style=\"color: #000000;\">Reference:\u00a0PROJ\/CI&amp;DETS\/2016\/0008 &amp; PROJ\/CI&amp;DETS\/CGD\/0012<\/span><\/p>\n<p>[\/et_pb_text][et_pb_text _builder_version=&#8221;4.4.8&#8243; text_font=&#8221;Fira Sans|700||on|||||&#8221; text_text_color=&#8221;#bf2e1b&#8221; text_font_size=&#8221;22px&#8221; header_font=&#8221;Arial|||on|||||&#8221; header_2_font=&#8221;||||||||&#8221; header_2_text_align=&#8221;left&#8221; header_2_font_size=&#8221;24px&#8221; custom_padding=&#8221;||||false|false&#8221;]<\/p>\n<p><strong>Duration:<\/strong><\/p>\n<p>[\/et_pb_text][et_pb_text _builder_version=&#8221;4.4.8&#8243; custom_padding=&#8221;||0px|||&#8221;]<\/p>\n<div style=\"text-align: justify;\">\n<p>1. 6. 2016 &#8211; 31. 12. 2018<\/p>\n<\/div>\n<p>[\/et_pb_text][\/et_pb_column][\/et_pb_row][et_pb_row _builder_version=&#8221;3.27.2&#8243; width_tablet=&#8221;80%&#8221; width_phone=&#8221;&#8221; width_last_edited=&#8221;on|desktop&#8221; custom_margin=&#8221;30px|auto|30px|auto|false|false&#8221; custom_margin_tablet=&#8221;0px||0px||false|false&#8221; custom_margin_phone=&#8221;&#8221; custom_margin_last_edited=&#8221;on|desktop&#8221; custom_padding=&#8221;||||false|false&#8221; locked=&#8221;off&#8221;][et_pb_column type=&#8221;4_4&#8243; _builder_version=&#8221;3.27.2&#8243;][et_pb_text _builder_version=&#8221;4.4.8&#8243; text_font=&#8221;Fira Sans|700||on|||||&#8221; text_text_color=&#8221;#bf2e1b&#8221; text_font_size=&#8221;22px&#8221; header_font=&#8221;Arial|||on|||||&#8221; header_2_font=&#8221;||||||||&#8221; header_2_text_align=&#8221;left&#8221; header_2_font_size=&#8221;24px&#8221; custom_margin=&#8221;-35px|||||&#8221; custom_padding=&#8221;||||false|false&#8221;]<\/p>\n<p><strong>Project Coordinator<\/strong>:\u00a0<\/p>\n<p>[\/et_pb_text][et_pb_text _builder_version=&#8221;4.4.8&#8243; custom_padding=&#8221;||0px|||&#8221;]<\/p>\n<p>Prof. Raquel Guin\u00e9, PhD\u00a0<\/p>\n<p>[\/et_pb_text][\/et_pb_column][\/et_pb_row][et_pb_row _builder_version=&#8221;3.27.2&#8243; width_tablet=&#8221;80%&#8221; width_phone=&#8221;&#8221; width_last_edited=&#8221;on|desktop&#8221; custom_margin=&#8221;30px|auto||auto|false|false&#8221; custom_margin_tablet=&#8221;0px||0px||false|false&#8221; custom_margin_phone=&#8221;&#8221; custom_margin_last_edited=&#8221;on|tablet&#8221; custom_padding=&#8221;||||false|false&#8221; locked=&#8221;off&#8221;][et_pb_column type=&#8221;4_4&#8243; _builder_version=&#8221;3.27.2&#8243;][et_pb_text _builder_version=&#8221;4.4.8&#8243; text_font=&#8221;Fira Sans|700||on|||||&#8221; text_text_color=&#8221;#bf2e1b&#8221; text_font_size=&#8221;22px&#8221; header_font=&#8221;Arial|||on|||||&#8221; header_2_font=&#8221;||||||||&#8221; header_2_text_align=&#8221;left&#8221; header_2_font_size=&#8221;24px&#8221; custom_padding=&#8221;||||false|false&#8221;]<\/p>\n<p><strong>Coordinator in Slovenia<\/strong>:<\/p>\n<p>[\/et_pb_text][et_pb_text _builder_version=&#8221;4.6.6&#8243; custom_padding=&#8221;||0px|||&#8221; hover_enabled=&#8221;0&#8243; sticky_enabled=&#8221;0&#8243;]<\/p>\n<p>Assist. Prof. Ma\u0161a \u010cerneli\u010d-Bizjak\u00a0(<a href=\"http:\/\/www.sicris.si\/search\/rsr.aspx?lang=eng&amp;id=32786\">SICRIS<\/a>, <a href=\"https:\/\/www.researchgate.net\/profile\/Masa_Bizjak\">ResearchGate<\/a>)<\/p>\n<p>[\/et_pb_text][\/et_pb_column][\/et_pb_row][et_pb_row _builder_version=&#8221;3.27.2&#8243; width_tablet=&#8221;80%&#8221; width_phone=&#8221;&#8221; width_last_edited=&#8221;on|desktop&#8221; custom_margin=&#8221;30px|auto||auto|false|false&#8221; custom_margin_tablet=&#8221;0px||0px||false|false&#8221; custom_margin_phone=&#8221;&#8221; custom_margin_last_edited=&#8221;on|tablet&#8221; custom_padding=&#8221;||||false|false&#8221; locked=&#8221;off&#8221;][et_pb_column type=&#8221;4_4&#8243; _builder_version=&#8221;3.27.2&#8243;][et_pb_text _builder_version=&#8221;4.4.8&#8243; text_font=&#8221;Fira Sans|700||on|||||&#8221; text_text_color=&#8221;#bf2e1b&#8221; text_font_size=&#8221;22px&#8221; header_font=&#8221;Arial|||on|||||&#8221; header_2_font=&#8221;||||||||&#8221; header_2_text_align=&#8221;left&#8221; header_2_font_size=&#8221;24px&#8221; custom_padding=&#8221;||||false|false&#8221;]<\/p>\n<p><strong>Team members at UP Faculty of Health Sciences:<\/strong>\u00a0<\/p>\n<p>[\/et_pb_text][et_pb_text _builder_version=&#8221;4.6.6&#8243; custom_padding=&#8221;||0px|||&#8221; hover_enabled=&#8221;0&#8243; sticky_enabled=&#8221;0&#8243;]<\/p>\n<p>Assist. Prof. Mojca Stubelj\u00a0(<a href=\"http:\/\/www.sicris.si\/search\/rsr.aspx?lang=eng&amp;id=34583\">SICRIS<\/a>, <a href=\"https:\/\/www.researchgate.net\/profile\/Mojca_Stubelj\">ResearchGate<\/a>)<br \/> Assist. Prof. Ana Petelin\u00a0(<a href=\"http:\/\/www.sicris.si\/search\/rsr.aspx?lang=eng&amp;id=18077\">SICRIS<\/a>, <a href=\"https:\/\/www.researchgate.net\/profile\/Ana_Petelin\">ResearchGate<\/a>)<br \/> Assist. Prof. Zala Jenko-Pra\u017enikar\u00a0(<a href=\"http:\/\/www.sicris.si\/search\/rsr.aspx?lang=eng&amp;id=17527\">SICRIS<\/a>, <a href=\"https:\/\/www.researchgate.net\/profile\/Zala_Jenko_Praznikar\">ResearchGate<\/a>)<\/p>\n<p>[\/et_pb_text][\/et_pb_column][\/et_pb_row][et_pb_row _builder_version=&#8221;3.27.2&#8243; width_tablet=&#8221;80%&#8221; width_phone=&#8221;&#8221; width_last_edited=&#8221;on|desktop&#8221; custom_margin=&#8221;30px|auto||auto|false|false&#8221; custom_margin_tablet=&#8221;0px||0px||false|false&#8221; custom_margin_phone=&#8221;&#8221; custom_margin_last_edited=&#8221;on|tablet&#8221; custom_padding=&#8221;||||false|false&#8221; locked=&#8221;off&#8221;][et_pb_column type=&#8221;4_4&#8243; _builder_version=&#8221;3.27.2&#8243;][et_pb_text _builder_version=&#8221;4.4.8&#8243; text_font=&#8221;Fira Sans|700||on|||||&#8221; text_text_color=&#8221;#bf2e1b&#8221; text_font_size=&#8221;22px&#8221; header_font=&#8221;Arial|||on|||||&#8221; header_2_font=&#8221;||||||||&#8221; header_2_text_align=&#8221;left&#8221; header_2_font_size=&#8221;24px&#8221; custom_padding=&#8221;||||false|false&#8221;]<\/p>\n<p><strong>Countries involved:\u00a0<\/strong><\/p>\n<p>[\/et_pb_text][et_pb_text _builder_version=&#8221;4.4.8&#8243; custom_padding=&#8221;||0px|||&#8221;]<\/p>\n<p>Argentina, Brazil, Croatia, Cyprus, Egypt, Greece, Hungary, Italy, Latvia, Lithuania, Macedonia, Netherlands, Poland, Portugal, Serbia, Slovenia, Romania, United States of America.<\/p>\n<p>[\/et_pb_text][\/et_pb_column][\/et_pb_row][et_pb_row _builder_version=&#8221;3.27.2&#8243; width_tablet=&#8221;80%&#8221; width_phone=&#8221;&#8221; width_last_edited=&#8221;on|desktop&#8221; custom_margin=&#8221;30px|auto||auto|false|false&#8221; custom_margin_tablet=&#8221;0px||0px||false|false&#8221; custom_margin_phone=&#8221;&#8221; custom_margin_last_edited=&#8221;on|tablet&#8221; custom_padding=&#8221;||||false|false&#8221; locked=&#8221;off&#8221;][et_pb_column type=&#8221;4_4&#8243; _builder_version=&#8221;3.27.2&#8243;][et_pb_text _builder_version=&#8221;4.4.8&#8243; text_font=&#8221;Fira Sans|700||on|||||&#8221; text_text_color=&#8221;#bf2e1b&#8221; text_font_size=&#8221;22px&#8221; header_font=&#8221;Arial|||on|||||&#8221; header_2_font=&#8221;||||||||&#8221; header_2_text_align=&#8221;left&#8221; header_2_font_size=&#8221;24px&#8221; custom_padding=&#8221;||||false|false&#8221;]<\/p>\n<p><strong>Web site<\/strong>:\u00a0<\/p>\n<p>[\/et_pb_text][et_pb_text _builder_version=&#8221;4.4.8&#8243; custom_padding=&#8221;||0px|||&#8221;]<a href=\"https:\/\/raquelguine.wixsite.com\/eatmot\">https:\/\/raquelguine.wixsite.com\/eatmot<\/a>[\/et_pb_text][\/et_pb_column][\/et_pb_row][et_pb_row _builder_version=&#8221;4.0.5&#8243; width_tablet=&#8221;80%&#8221; width_phone=&#8221;&#8221; width_last_edited=&#8221;on|desktop&#8221; custom_margin=&#8221;30px|auto||auto|false|false&#8221; custom_margin_tablet=&#8221;0px||0px||false|false&#8221; custom_margin_phone=&#8221;&#8221; custom_margin_last_edited=&#8221;on|tablet&#8221; custom_padding=&#8221;||||false|false&#8221; locked=&#8221;off&#8221;][et_pb_column type=&#8221;4_4&#8243; _builder_version=&#8221;4.0.5&#8243;][et_pb_text _builder_version=&#8221;4.4.8&#8243; text_font=&#8221;Fira Sans|700||on|||||&#8221; text_text_color=&#8221;#bf2e1b&#8221; text_font_size=&#8221;22px&#8221; header_font=&#8221;Arial|||on|||||&#8221; header_2_font=&#8221;||||||||&#8221; header_2_text_align=&#8221;left&#8221; header_2_font_size=&#8221;24px&#8221; custom_padding=&#8221;||||false|false&#8221;]<\/p>\n<p><strong>Abstract:<\/strong><\/p>\n<p>[\/et_pb_text][et_pb_text _builder_version=&#8221;4.4.8&#8243; custom_padding=&#8221;||0px|||&#8221;]<\/p>\n<p>The role of food as a valuable ally to maintain a good health status and prevent or treat diseases has been well established nowadays, through countless scientific studies. Excess of fats, particularly saturated and trans fats, sugars or salt have been associated with many chronic diseases. Also the insufficient ingestion of fruits and vegetables, as a result of modern trends towards consumption of high levels of processed convenience foods, results in deficiencies in vitamins, dietary minerals, dietary fibres, bioactive substances such as for example antioxidants, among other extremely important food constituents. The human behaviours regarding foods are linked to a number of factors either of sociological nature or of psychological nature. Hence, the aim of this project is to undertake a study about the different psychic and social motivations that determine people\u2019s eating patterns, either in relation to their choices or eating habits. To do this, factors linked to food choices will be evaluated in the following main areas: health motivations; economic factors; emotional aspects; cultural influences; marketing and commercials or environmental concerns. The study will be based on a questionnaire that will be prepared purposely for the project, and therefore adequate to evaluate the aspects that determine the objectives highlighted. The range of the study will be multinational, including different countries so as to gather information on a trans-frontier scale, that will be most valuable to produce relevant scientific outputs as well as directives that could be used in each of the countries to improve eating habits towards healthier diets.<\/p>\n<p>[\/et_pb_text][\/et_pb_column][\/et_pb_row][\/et_pb_section]<\/p>\n","protected":false},"excerpt":{"rendered":"<p>Reference:\u00a0PROJ\/CI&amp;DETS\/2016\/0008 &amp; PROJ\/CI&amp;DETS\/CGD\/0012Duration: 1. 6. 2016 &#8211; 31. 12. 2018 Project Coordinator:\u00a0Prof. Raquel Guin\u00e9, PhD\u00a0Coordinator in Slovenia:Assist. Prof. Ma\u0161a \u010cerneli\u010d-Bizjak\u00a0(SICRIS, ResearchGate) Team members at UP Faculty of Health Sciences:\u00a0Assist. Prof. [&hellip;]<\/p>\n","protected":false},"author":12,"featured_media":29111,"comment_status":"closed","ping_status":"closed","template":"","meta":{"_et_pb_use_builder":"on","_et_pb_old_content":"","_et_gb_content_width":"","_price":"","_stock":"","_tribe_ticket_header":"","_tribe_default_ticket_provider":"","_tribe_ticket_capacity":"0","_ticket_start_date":"","_ticket_end_date":"","_tribe_ticket_show_description":"","_tribe_ticket_show_not_going":false,"_tribe_ticket_use_global_stock":"","_tribe_ticket_global_stock_level":"","_global_stock_mode":"","_global_stock_cap":"","_tribe_rsvp_for_event":"","_tribe_ticket_going_count":"","_tribe_ticket_not_going_count":"","_tribe_tickets_list":"[]","_tribe_ticket_has_attendee_info_fields":false,"footnotes":""},"project_category":[139,142,178],"project_tag":[],"class_list":["post-30960","project","type-project","status-publish","has-post-thumbnail","hentry","project_category-dietetics","project_category-international-projects-completed","project_category-nutrition-for-health-promotion-completed"],"yoast_head":"<!-- This site is optimized with the Yoast SEO plugin v27.5 - https:\/\/yoast.com\/product\/yoast-seo-wordpress\/ -->\n<title>EATMOT Psycho-social motivations associated with food choices and eating practices - Fakulteta za vede o zdravju<\/title>\n<meta name=\"robots\" content=\"index, follow, max-snippet:-1, max-image-preview:large, max-video-preview:-1\" \/>\n<link rel=\"canonical\" href=\"https:\/\/fvz.upr.si\/project\/eatmot-psiho-socialne-motivacije-povezane-z-izbiro-hrane-in-prehranjevalnimi-praksami\/\" \/>\n<meta property=\"og:locale\" content=\"en_US\" \/>\n<meta property=\"og:type\" content=\"article\" \/>\n<meta property=\"og:title\" content=\"EATMOT Psycho-social motivations associated with food choices and eating practices - Fakulteta za vede o zdravju\" \/>\n<meta property=\"og:description\" content=\"Reference:\u00a0PROJ\/CI&amp;DETS\/2016\/0008 &amp; PROJ\/CI&amp;DETS\/CGD\/0012Duration: 1. 6. 2016 - 31. 12. 2018 Project Coordinator:\u00a0Prof. Raquel Guin\u00e9, PhD\u00a0Coordinator in Slovenia:Assist. Prof. Ma\u0161a \u010cerneli\u010d-Bizjak\u00a0(SICRIS, ResearchGate) Team members at UP Faculty of Health Sciences:\u00a0Assist. Prof. [&hellip;]\" \/>\n<meta property=\"og:url\" content=\"https:\/\/fvz.upr.si\/project\/eatmot-psiho-socialne-motivacije-povezane-z-izbiro-hrane-in-prehranjevalnimi-praksami\/\" \/>\n<meta property=\"og:site_name\" content=\"Fakulteta za vede o zdravju\" \/>\n<meta property=\"article:modified_time\" content=\"2020-10-26T08:02:32+00:00\" \/>\n<meta property=\"og:image\" content=\"https:\/\/fvz.upr.si\/wp-content\/uploads\/2020\/04\/Raziskovanje-in-razvoj.jpg\" \/>\n\t<meta property=\"og:image:width\" content=\"968\" \/>\n\t<meta property=\"og:image:height\" content=\"468\" \/>\n\t<meta property=\"og:image:type\" content=\"image\/jpeg\" \/>\n<meta name=\"twitter:card\" content=\"summary_large_image\" \/>\n<meta name=\"twitter:label1\" content=\"Est. reading time\" \/>\n\t<meta name=\"twitter:data1\" content=\"7 minutes\" \/>\n<script type=\"application\/ld+json\" class=\"yoast-schema-graph\">{\"@context\":\"https:\\\/\\\/schema.org\",\"@graph\":[{\"@type\":\"WebPage\",\"@id\":\"https:\\\/\\\/fvz.upr.si\\\/project\\\/eatmot-psiho-socialne-motivacije-povezane-z-izbiro-hrane-in-prehranjevalnimi-praksami\\\/\",\"url\":\"https:\\\/\\\/fvz.upr.si\\\/project\\\/eatmot-psiho-socialne-motivacije-povezane-z-izbiro-hrane-in-prehranjevalnimi-praksami\\\/\",\"name\":\"EATMOT Psycho-social motivations associated with food choices and eating practices - Fakulteta za vede o zdravju\",\"isPartOf\":{\"@id\":\"https:\\\/\\\/fvz.upr.si\\\/#website\"},\"primaryImageOfPage\":{\"@id\":\"https:\\\/\\\/fvz.upr.si\\\/project\\\/eatmot-psiho-socialne-motivacije-povezane-z-izbiro-hrane-in-prehranjevalnimi-praksami\\\/#primaryimage\"},\"image\":{\"@id\":\"https:\\\/\\\/fvz.upr.si\\\/project\\\/eatmot-psiho-socialne-motivacije-povezane-z-izbiro-hrane-in-prehranjevalnimi-praksami\\\/#primaryimage\"},\"thumbnailUrl\":\"https:\\\/\\\/fvz.upr.si\\\/wp-content\\\/uploads\\\/2020\\\/04\\\/Raziskovanje-in-razvoj.jpg\",\"datePublished\":\"2020-07-08T11:09:02+00:00\",\"dateModified\":\"2020-10-26T08:02:32+00:00\",\"breadcrumb\":{\"@id\":\"https:\\\/\\\/fvz.upr.si\\\/project\\\/eatmot-psiho-socialne-motivacije-povezane-z-izbiro-hrane-in-prehranjevalnimi-praksami\\\/#breadcrumb\"},\"inLanguage\":\"en-US\",\"potentialAction\":[{\"@type\":\"ReadAction\",\"target\":[\"https:\\\/\\\/fvz.upr.si\\\/project\\\/eatmot-psiho-socialne-motivacije-povezane-z-izbiro-hrane-in-prehranjevalnimi-praksami\\\/\"]}]},{\"@type\":\"ImageObject\",\"inLanguage\":\"en-US\",\"@id\":\"https:\\\/\\\/fvz.upr.si\\\/project\\\/eatmot-psiho-socialne-motivacije-povezane-z-izbiro-hrane-in-prehranjevalnimi-praksami\\\/#primaryimage\",\"url\":\"https:\\\/\\\/fvz.upr.si\\\/wp-content\\\/uploads\\\/2020\\\/04\\\/Raziskovanje-in-razvoj.jpg\",\"contentUrl\":\"https:\\\/\\\/fvz.upr.si\\\/wp-content\\\/uploads\\\/2020\\\/04\\\/Raziskovanje-in-razvoj.jpg\",\"width\":968,\"height\":468},{\"@type\":\"BreadcrumbList\",\"@id\":\"https:\\\/\\\/fvz.upr.si\\\/project\\\/eatmot-psiho-socialne-motivacije-povezane-z-izbiro-hrane-in-prehranjevalnimi-praksami\\\/#breadcrumb\",\"itemListElement\":[{\"@type\":\"ListItem\",\"position\":1,\"name\":\"Home\",\"item\":\"https:\\\/\\\/fvz.upr.si\\\/\"},{\"@type\":\"ListItem\",\"position\":2,\"name\":\"Projects\",\"item\":\"https:\\\/\\\/fvz.upr.si\\\/project\\\/\"},{\"@type\":\"ListItem\",\"position\":3,\"name\":\"EATMOT Psycho-social motivations associated with food choices and eating practices\"}]},{\"@type\":\"WebSite\",\"@id\":\"https:\\\/\\\/fvz.upr.si\\\/#website\",\"url\":\"https:\\\/\\\/fvz.upr.si\\\/\",\"name\":\"Fakulteta za vede o zdravju\",\"description\":\"\u017divljenju dodajamo znanje.\",\"publisher\":{\"@id\":\"https:\\\/\\\/fvz.upr.si\\\/#organization\"},\"potentialAction\":[{\"@type\":\"SearchAction\",\"target\":{\"@type\":\"EntryPoint\",\"urlTemplate\":\"https:\\\/\\\/fvz.upr.si\\\/?s={search_term_string}\"},\"query-input\":{\"@type\":\"PropertyValueSpecification\",\"valueRequired\":true,\"valueName\":\"search_term_string\"}}],\"inLanguage\":\"en-US\"},{\"@type\":\"Organization\",\"@id\":\"https:\\\/\\\/fvz.upr.si\\\/#organization\",\"name\":\"Fakulteta za vede o zdravju\",\"url\":\"https:\\\/\\\/fvz.upr.si\\\/\",\"logo\":{\"@type\":\"ImageObject\",\"inLanguage\":\"en-US\",\"@id\":\"https:\\\/\\\/fvz.upr.si\\\/#\\\/schema\\\/logo\\\/image\\\/\",\"url\":\"https:\\\/\\\/fvz.upr.si\\\/wp-content\\\/uploads\\\/2019\\\/03\\\/UP-FVZ_logo-transparent.png\",\"contentUrl\":\"https:\\\/\\\/fvz.upr.si\\\/wp-content\\\/uploads\\\/2019\\\/03\\\/UP-FVZ_logo-transparent.png\",\"width\":1417,\"height\":792,\"caption\":\"Fakulteta za vede o zdravju\"},\"image\":{\"@id\":\"https:\\\/\\\/fvz.upr.si\\\/#\\\/schema\\\/logo\\\/image\\\/\"}}]}<\/script>\n<!-- \/ Yoast SEO plugin. -->","yoast_head_json":{"title":"EATMOT Psycho-social motivations associated with food choices and eating practices - Fakulteta za vede o zdravju","robots":{"index":"index","follow":"follow","max-snippet":"max-snippet:-1","max-image-preview":"max-image-preview:large","max-video-preview":"max-video-preview:-1"},"canonical":"https:\/\/fvz.upr.si\/project\/eatmot-psiho-socialne-motivacije-povezane-z-izbiro-hrane-in-prehranjevalnimi-praksami\/","og_locale":"en_US","og_type":"article","og_title":"EATMOT Psycho-social motivations associated with food choices and eating practices - Fakulteta za vede o zdravju","og_description":"Reference:\u00a0PROJ\/CI&amp;DETS\/2016\/0008 &amp; PROJ\/CI&amp;DETS\/CGD\/0012Duration: 1. 6. 2016 - 31. 12. 2018 Project Coordinator:\u00a0Prof. Raquel Guin\u00e9, PhD\u00a0Coordinator in Slovenia:Assist. Prof. Ma\u0161a \u010cerneli\u010d-Bizjak\u00a0(SICRIS, ResearchGate) Team members at UP Faculty of Health Sciences:\u00a0Assist. Prof. [&hellip;]","og_url":"https:\/\/fvz.upr.si\/project\/eatmot-psiho-socialne-motivacije-povezane-z-izbiro-hrane-in-prehranjevalnimi-praksami\/","og_site_name":"Fakulteta za vede o zdravju","article_modified_time":"2020-10-26T08:02:32+00:00","og_image":[{"width":968,"height":468,"url":"https:\/\/fvz.upr.si\/wp-content\/uploads\/2020\/04\/Raziskovanje-in-razvoj.jpg","type":"image\/jpeg"}],"twitter_card":"summary_large_image","twitter_misc":{"Est. reading time":"7 minutes"},"schema":{"@context":"https:\/\/schema.org","@graph":[{"@type":"WebPage","@id":"https:\/\/fvz.upr.si\/project\/eatmot-psiho-socialne-motivacije-povezane-z-izbiro-hrane-in-prehranjevalnimi-praksami\/","url":"https:\/\/fvz.upr.si\/project\/eatmot-psiho-socialne-motivacije-povezane-z-izbiro-hrane-in-prehranjevalnimi-praksami\/","name":"EATMOT Psycho-social motivations associated with food choices and eating practices - Fakulteta za vede o zdravju","isPartOf":{"@id":"https:\/\/fvz.upr.si\/#website"},"primaryImageOfPage":{"@id":"https:\/\/fvz.upr.si\/project\/eatmot-psiho-socialne-motivacije-povezane-z-izbiro-hrane-in-prehranjevalnimi-praksami\/#primaryimage"},"image":{"@id":"https:\/\/fvz.upr.si\/project\/eatmot-psiho-socialne-motivacije-povezane-z-izbiro-hrane-in-prehranjevalnimi-praksami\/#primaryimage"},"thumbnailUrl":"https:\/\/fvz.upr.si\/wp-content\/uploads\/2020\/04\/Raziskovanje-in-razvoj.jpg","datePublished":"2020-07-08T11:09:02+00:00","dateModified":"2020-10-26T08:02:32+00:00","breadcrumb":{"@id":"https:\/\/fvz.upr.si\/project\/eatmot-psiho-socialne-motivacije-povezane-z-izbiro-hrane-in-prehranjevalnimi-praksami\/#breadcrumb"},"inLanguage":"en-US","potentialAction":[{"@type":"ReadAction","target":["https:\/\/fvz.upr.si\/project\/eatmot-psiho-socialne-motivacije-povezane-z-izbiro-hrane-in-prehranjevalnimi-praksami\/"]}]},{"@type":"ImageObject","inLanguage":"en-US","@id":"https:\/\/fvz.upr.si\/project\/eatmot-psiho-socialne-motivacije-povezane-z-izbiro-hrane-in-prehranjevalnimi-praksami\/#primaryimage","url":"https:\/\/fvz.upr.si\/wp-content\/uploads\/2020\/04\/Raziskovanje-in-razvoj.jpg","contentUrl":"https:\/\/fvz.upr.si\/wp-content\/uploads\/2020\/04\/Raziskovanje-in-razvoj.jpg","width":968,"height":468},{"@type":"BreadcrumbList","@id":"https:\/\/fvz.upr.si\/project\/eatmot-psiho-socialne-motivacije-povezane-z-izbiro-hrane-in-prehranjevalnimi-praksami\/#breadcrumb","itemListElement":[{"@type":"ListItem","position":1,"name":"Home","item":"https:\/\/fvz.upr.si\/"},{"@type":"ListItem","position":2,"name":"Projects","item":"https:\/\/fvz.upr.si\/project\/"},{"@type":"ListItem","position":3,"name":"EATMOT Psycho-social motivations associated with food choices and eating practices"}]},{"@type":"WebSite","@id":"https:\/\/fvz.upr.si\/#website","url":"https:\/\/fvz.upr.si\/","name":"Fakulteta za vede o zdravju","description":"\u017divljenju dodajamo znanje.","publisher":{"@id":"https:\/\/fvz.upr.si\/#organization"},"potentialAction":[{"@type":"SearchAction","target":{"@type":"EntryPoint","urlTemplate":"https:\/\/fvz.upr.si\/?s={search_term_string}"},"query-input":{"@type":"PropertyValueSpecification","valueRequired":true,"valueName":"search_term_string"}}],"inLanguage":"en-US"},{"@type":"Organization","@id":"https:\/\/fvz.upr.si\/#organization","name":"Fakulteta za vede o zdravju","url":"https:\/\/fvz.upr.si\/","logo":{"@type":"ImageObject","inLanguage":"en-US","@id":"https:\/\/fvz.upr.si\/#\/schema\/logo\/image\/","url":"https:\/\/fvz.upr.si\/wp-content\/uploads\/2019\/03\/UP-FVZ_logo-transparent.png","contentUrl":"https:\/\/fvz.upr.si\/wp-content\/uploads\/2019\/03\/UP-FVZ_logo-transparent.png","width":1417,"height":792,"caption":"Fakulteta za vede o zdravju"},"image":{"@id":"https:\/\/fvz.upr.si\/#\/schema\/logo\/image\/"}}]}},"_links":{"self":[{"href":"https:\/\/fvz.upr.si\/en\/wp-json\/wp\/v2\/project\/30960","targetHints":{"allow":["GET"]}}],"collection":[{"href":"https:\/\/fvz.upr.si\/en\/wp-json\/wp\/v2\/project"}],"about":[{"href":"https:\/\/fvz.upr.si\/en\/wp-json\/wp\/v2\/types\/project"}],"author":[{"embeddable":true,"href":"https:\/\/fvz.upr.si\/en\/wp-json\/wp\/v2\/users\/12"}],"replies":[{"embeddable":true,"href":"https:\/\/fvz.upr.si\/en\/wp-json\/wp\/v2\/comments?post=30960"}],"version-history":[{"count":4,"href":"https:\/\/fvz.upr.si\/en\/wp-json\/wp\/v2\/project\/30960\/revisions"}],"predecessor-version":[{"id":33894,"href":"https:\/\/fvz.upr.si\/en\/wp-json\/wp\/v2\/project\/30960\/revisions\/33894"}],"wp:featuredmedia":[{"embeddable":true,"href":"https:\/\/fvz.upr.si\/en\/wp-json\/wp\/v2\/media\/29111"}],"wp:attachment":[{"href":"https:\/\/fvz.upr.si\/en\/wp-json\/wp\/v2\/media?parent=30960"}],"wp:term":[{"taxonomy":"project_category","embeddable":true,"href":"https:\/\/fvz.upr.si\/en\/wp-json\/wp\/v2\/project_category?post=30960"},{"taxonomy":"project_tag","embeddable":true,"href":"https:\/\/fvz.upr.si\/en\/wp-json\/wp\/v2\/project_tag?post=30960"}],"curies":[{"name":"wp","href":"https:\/\/api.w.org\/{rel}","templated":true}]}}