{"id":104649,"date":"2025-12-16T13:19:40","date_gmt":"2025-12-16T12:19:40","guid":{"rendered":"https:\/\/fvz.upr.si\/?post_type=project&#038;p=104649"},"modified":"2025-12-16T13:34:09","modified_gmt":"2025-12-16T12:34:09","slug":"v3-2559-stanje-prehranjenosti-in-s-prehranjenostjo-povezanih-stanj-ter-oblikovanje-klinicne-poti-prehranske-podpore-pri-pacientih-z-dusevno-motnjo-starejsih-od-65-let","status":"publish","type":"project","link":"https:\/\/fvz.upr.si\/en\/project\/v3-2559-stanje-prehranjenosti-in-s-prehranjenostjo-povezanih-stanj-ter-oblikovanje-klinicne-poti-prehranske-podpore-pri-pacientih-z-dusevno-motnjo-starejsih-od-65-let\/","title":{"rendered":"V3-2559 Stanje prehranjenosti in s prehranjenostjo povezanih stanj ter oblikovanje klini\u010dne poti prehranske podpore pri pacientih z du\u0161evno motnjo starej\u0161ih od 65 let"},"content":{"rendered":"<p>[et_pb_section fb_built=&#8221;1&#8243; _builder_version=&#8221;4.19.1&#8243; _module_preset=&#8221;default&#8221; global_colors_info=&#8221;{}&#8221; theme_builder_area=&#8221;post_content&#8221;][\/et_pb_section][et_pb_section fb_built=&#8221;1&#8243; _builder_version=&#8221;4.16&#8243; background_enable_color=&#8221;off&#8221; background_image=&#8221;https:\/\/fvz.upr.si\/wp-content\/uploads\/2020\/04\/Raziskovanje-in-razvoj.jpg&#8221; height=&#8221;330px&#8221; animation_style=&#8221;fade&#8221; custom_css_main_element=&#8221;padding-top: 0;||padding-bottom: 0;&#8221; saved_tabs=&#8221;all&#8221; global_colors_info=&#8221;{}&#8221; theme_builder_area=&#8221;post_content&#8221;][et_pb_row _builder_version=&#8221;4.16&#8243; height=&#8221;100%&#8221; custom_css_main_element=&#8221;position: relative;||padding-top: 0;||padding-bottom: 0;&#8221; global_colors_info=&#8221;{}&#8221; theme_builder_area=&#8221;post_content&#8221;][et_pb_column type=&#8221;4_4&#8243; _builder_version=&#8221;4.16&#8243; custom_css_main_element=&#8221;height: 100%;&#8221; global_colors_info=&#8221;{}&#8221; theme_builder_area=&#8221;post_content&#8221;][et_pb_text _builder_version=&#8221;4.16&#8243; _dynamic_attributes=&#8221;content&#8221; text_font=&#8221;Fira Sans|||on|||||&#8221; text_text_color=&#8221;#ffffff&#8221; text_font_size=&#8221;20px&#8221; custom_css_main_element=&#8221;background-color: #bf2f1a;||display: inline-block;||position: absolute;||bottom: 0;||padding: 16px;&#8221; border_width_all=&#8221;2px&#8221; border_color_all=&#8221;#821f22&#8243; border_width_bottom=&#8221;0px&#8221; global_colors_info=&#8221;{}&#8221; theme_builder_area=&#8221;post_content&#8221;]@ET-DC@eyJkeW5hbWljIjp0cnVlLCJjb250ZW50IjoicG9zdF90aXRsZSIsInNldHRpbmdzIjp7ImJlZm9yZSI6IiIsImFmdGVyIjoiIn19@[\/et_pb_text][\/et_pb_column][\/et_pb_row][\/et_pb_section][et_pb_section fb_built=&#8221;1&#8243; custom_padding_last_edited=&#8221;on|tablet&#8221; _builder_version=&#8221;4.16&#8243; background_color=&#8221;#f1f0ee&#8221; custom_padding=&#8221;60px||60px||false|false&#8221; custom_padding_tablet=&#8221;30px||30px||false|false&#8221; custom_padding_phone=&#8221;&#8221; animation_style=&#8221;fade&#8221; z_index_tablet=&#8221;500&#8243; box_shadow_horizontal_tablet=&#8221;0px&#8221; box_shadow_vertical_tablet=&#8221;0px&#8221; box_shadow_blur_tablet=&#8221;40px&#8221; box_shadow_spread_tablet=&#8221;0px&#8221; global_colors_info=&#8221;{}&#8221; theme_builder_area=&#8221;post_content&#8221;][et_pb_row _builder_version=&#8221;4.16&#8243; width_tablet=&#8221;80%&#8221; width_phone=&#8221;&#8221; width_last_edited=&#8221;on|desktop&#8221; custom_margin=&#8221;|auto|60px|auto|false|false&#8221; custom_margin_tablet=&#8221;0px||0px||false|false&#8221; custom_margin_phone=&#8221;&#8221; custom_margin_last_edited=&#8221;on|desktop&#8221; custom_padding=&#8221;||||false|false&#8221; locked=&#8221;off&#8221; global_colors_info=&#8221;{}&#8221; theme_builder_area=&#8221;post_content&#8221;][et_pb_column type=&#8221;4_4&#8243; _builder_version=&#8221;4.16&#8243; global_colors_info=&#8221;{}&#8221; theme_builder_area=&#8221;post_content&#8221;][et_pb_text _builder_version=&#8221;4.16&#8243; text_font=&#8221;Fira Sans|700||on|||||&#8221; text_text_color=&#8221;#bf2e1b&#8221; text_font_size=&#8221;22px&#8221; header_font=&#8221;Arial|||on|||||&#8221; header_2_font=&#8221;||||||||&#8221; header_2_text_align=&#8221;left&#8221; header_2_font_size=&#8221;24px&#8221; custom_padding=&#8221;||||false|false&#8221; global_colors_info=&#8221;{}&#8221; theme_builder_area=&#8221;post_content&#8221;]<strong>Trajanje projekta:<\/strong>[\/et_pb_text][et_pb_text _builder_version=&#8221;4.27.4&#8243; custom_padding=&#8221;||0px|||&#8221; hover_enabled=&#8221;0&#8243; global_colors_info=&#8221;{}&#8221; theme_builder_area=&#8221;post_content&#8221; sticky_enabled=&#8221;0&#8243;]<\/p>\n<div style=\"text-align: justify;\">\n<p>1. 9. 2025 &#8211; 31. 8. 2027<\/p>\n<\/div>\n<p>[\/et_pb_text][\/et_pb_column][\/et_pb_row][et_pb_row _builder_version=&#8221;4.16&#8243; width_tablet=&#8221;80%&#8221; width_phone=&#8221;&#8221; width_last_edited=&#8221;on|desktop&#8221; custom_margin=&#8221;30px|auto|53px|auto|false|false&#8221; custom_margin_tablet=&#8221;0px||0px||false|false&#8221; custom_margin_phone=&#8221;&#8221; custom_margin_last_edited=&#8221;on|desktop&#8221; custom_padding=&#8221;||||false|false&#8221; locked=&#8221;off&#8221; global_colors_info=&#8221;{}&#8221; theme_builder_area=&#8221;post_content&#8221; min_height=&#8221;50.7px&#8221;][et_pb_column type=&#8221;4_4&#8243; _builder_version=&#8221;4.16&#8243; global_colors_info=&#8221;{}&#8221; theme_builder_area=&#8221;post_content&#8221;][et_pb_text _builder_version=&#8221;4.16&#8243; text_font=&#8221;Fira Sans|700||on|||||&#8221; text_text_color=&#8221;#bf2e1b&#8221; text_font_size=&#8221;22px&#8221; header_font=&#8221;Arial|||on|||||&#8221; header_2_font=&#8221;||||||||&#8221; header_2_text_align=&#8221;left&#8221; header_2_font_size=&#8221;24px&#8221; custom_margin=&#8221;-35px|||||&#8221; custom_padding=&#8221;||||false|false&#8221; global_colors_info=&#8221;{}&#8221; theme_builder_area=&#8221;post_content&#8221;]<strong>Vodilni partner:<\/strong>[\/et_pb_text][et_pb_text _builder_version=&#8221;4.27.4&#8243; custom_padding=&#8221;||0px|||&#8221; hover_enabled=&#8221;0&#8243; global_colors_info=&#8221;{}&#8221; theme_builder_area=&#8221;post_content&#8221; sticky_enabled=&#8221;0&#8243;]<\/p>\n<p>Univerzitetna psihiatri\u010dna klinika v Ljubljani<\/p>\n<p>[\/et_pb_text][\/et_pb_column][\/et_pb_row][et_pb_row _builder_version=&#8221;4.16&#8243; width_tablet=&#8221;80%&#8221; width_phone=&#8221;&#8221; width_last_edited=&#8221;on|desktop&#8221; custom_margin=&#8221;30px|auto|30px|auto|false|false&#8221; custom_margin_tablet=&#8221;0px||0px||false|false&#8221; custom_margin_phone=&#8221;&#8221; custom_margin_last_edited=&#8221;on|desktop&#8221; custom_padding=&#8221;||||false|false&#8221; locked=&#8221;off&#8221; global_colors_info=&#8221;{}&#8221; theme_builder_area=&#8221;post_content&#8221;][et_pb_column type=&#8221;4_4&#8243; _builder_version=&#8221;4.16&#8243; global_colors_info=&#8221;{}&#8221; theme_builder_area=&#8221;post_content&#8221;][et_pb_text _builder_version=&#8221;4.27.4&#8243; text_font=&#8221;Fira Sans|700||on|||||&#8221; text_text_color=&#8221;#bf2e1b&#8221; text_font_size=&#8221;22px&#8221; header_font=&#8221;Arial|||on|||||&#8221; header_2_font=&#8221;||||||||&#8221; header_2_text_align=&#8221;left&#8221; header_2_font_size=&#8221;24px&#8221; custom_margin=&#8221;-35px|||||&#8221; custom_padding=&#8221;||||false|false&#8221; hover_enabled=&#8221;0&#8243; global_colors_info=&#8221;{}&#8221; theme_builder_area=&#8221;post_content&#8221; sticky_enabled=&#8221;0&#8243;]<\/p>\n<p><strong>Sodelujo\u010di partner:<\/strong><\/p>\n<p>[\/et_pb_text][et_pb_text _builder_version=&#8221;4.19.1&#8243; custom_padding=&#8221;||0px|||&#8221; hover_enabled=&#8221;0&#8243; global_colors_info=&#8221;{}&#8221; theme_builder_area=&#8221;post_content&#8221; sticky_enabled=&#8221;0&#8243;]<\/p>\n<p>UP Fakulteta za vede o zdravju<\/p>\n<p>[\/et_pb_text][\/et_pb_column][\/et_pb_row][et_pb_row _builder_version=&#8221;4.16&#8243; width_tablet=&#8221;80%&#8221; width_phone=&#8221;&#8221; width_last_edited=&#8221;on|desktop&#8221; custom_margin=&#8221;30px|auto||auto|false|false&#8221; custom_margin_tablet=&#8221;0px||0px||false|false&#8221; custom_margin_phone=&#8221;&#8221; custom_margin_last_edited=&#8221;on|tablet&#8221; custom_padding=&#8221;||||false|false&#8221; locked=&#8221;off&#8221; global_colors_info=&#8221;{}&#8221; theme_builder_area=&#8221;post_content&#8221;][et_pb_column type=&#8221;4_4&#8243; _builder_version=&#8221;4.16&#8243; global_colors_info=&#8221;{}&#8221; theme_builder_area=&#8221;post_content&#8221;][et_pb_text _builder_version=&#8221;4.16&#8243; text_font=&#8221;Fira Sans|700||on|||||&#8221; text_text_color=&#8221;#bf2e1b&#8221; text_font_size=&#8221;22px&#8221; header_font=&#8221;Arial|||on|||||&#8221; header_2_font=&#8221;||||||||&#8221; header_2_text_align=&#8221;left&#8221; header_2_font_size=&#8221;24px&#8221; custom_padding=&#8221;||||false|false&#8221; global_colors_info=&#8221;{}&#8221; theme_builder_area=&#8221;post_content&#8221;]<\/p>\n<p><strong>Sodelujo\u010di na FVZ: <\/strong><\/p>\n<p>[\/et_pb_text][et_pb_text _builder_version=&#8221;4.27.4&#8243; custom_padding=&#8221;||0px|||&#8221; hover_enabled=&#8221;0&#8243; global_colors_info=&#8221;{}&#8221; theme_builder_area=&#8221;post_content&#8221; sticky_enabled=&#8221;0&#8243;]<\/p>\n<ul>\n<li>izr. prof. dr. Nina Mohorko (<a href=\"https:\/\/cris.cobiss.net\/ecris\/si\/sl\/researcher\/18809\">SICRIS<\/a>)<\/li>\n<\/ul>\n<p>[\/et_pb_text][\/et_pb_column][\/et_pb_row][et_pb_row _builder_version=&#8221;4.16&#8243; width_tablet=&#8221;80%&#8221; width_phone=&#8221;&#8221; width_last_edited=&#8221;on|desktop&#8221; custom_margin=&#8221;30px|auto||auto|false|false&#8221; custom_margin_tablet=&#8221;0px||0px||false|false&#8221; custom_margin_phone=&#8221;&#8221; custom_margin_last_edited=&#8221;on|tablet&#8221; custom_padding=&#8221;||||false|false&#8221; locked=&#8221;off&#8221; global_colors_info=&#8221;{}&#8221; theme_builder_area=&#8221;post_content&#8221;][et_pb_column type=&#8221;4_4&#8243; _builder_version=&#8221;4.16&#8243; global_colors_info=&#8221;{}&#8221; theme_builder_area=&#8221;post_content&#8221;][et_pb_text _builder_version=&#8221;4.16&#8243; text_font=&#8221;Fira Sans|700||on|||||&#8221; text_text_color=&#8221;#bf2e1b&#8221; text_font_size=&#8221;22px&#8221; header_font=&#8221;Arial|||on|||||&#8221; header_2_font=&#8221;||||||||&#8221; header_2_text_align=&#8221;left&#8221; header_2_font_size=&#8221;24px&#8221; custom_padding=&#8221;||||false|false&#8221; global_colors_info=&#8221;{}&#8221; theme_builder_area=&#8221;post_content&#8221;]<strong>Povzetek:<\/strong>[\/et_pb_text][et_pb_text _builder_version=&#8221;4.27.4&#8243; custom_padding=&#8221;||0px|||&#8221; hover_enabled=&#8221;0&#8243; global_colors_info=&#8221;{}&#8221; theme_builder_area=&#8221;post_content&#8221; sticky_enabled=&#8221;0&#8243;]<\/p>\n<p class=\"xelementtoproof\"><span>Projekt se osredoto\u010da na raziskovanje ugotavljanje prehranskega stanja ter prevalence posameznih stanj prehranjenosti pri starej\u0161ih hospitaliziranih pacientih z du\u0161evnimi motnjami. Izveden bo v petih delovnih sve\u017enjih in bo trajal 24 mesecev. Sodelovali bosta Univerzitetna psihiatri\u010dna klinika Ljubljana (UPKL) in Fakulteta za vede o zdravju, Univerza na Primorskem (FVZ). Raziskali bomo prevalenco sarkopenije pri hospitaliziranih starej\u0161ih pacientih z du\u0161evno motnjo, starej\u0161ih od 65 let. Raziskava bo obravnavala povezave med sarkopenijo in dejavniki tveganja, kot so indeks telesne mase, komorbidnost, kognitivne sposobnosti in ravni vitaminov B12 in folata. Prvi del projekta bo retrospektivna raziskava o pacientih, sprejetih na enoto za gerontopsihiatrijo UPKL med oktobrom 2020 in oktobrom 2024. Drugi del raziskave bo<\/span><br \/>\n<span>prese\u010dno opazovalna raziskava, s katero bomo preu\u010dili <\/span><span>prevalenco podhranjenosti ter drugih prehranskih diagnoz <\/span><span>in disfagije pri hospitaliziranih starej\u0161ih pacientih z du\u0161evno <\/span><span>motnjo. Sledila bo priprava in uvedba klini\u010dne poti za <\/span><span>prehransko obravnavo starej\u0161ih pacientov z du\u0161evno <\/span><span>motnjo, z oceno njene u\u010dinkovitosti in izvedljivosti. Klini\u010dna <\/span><span>pot bo vklju\u010devala prehransko presejanje, diagnosticiranje <\/span><span>in prehransko podporo in terapijo. Podatki se bodo zbirali <\/span><span>ob sprejemu in po 14- dnevni hospitalizaciji. Projekt bo <\/span><span>zapolnil vrzel v literaturi o prehranskega stanja in disfagije <\/span><span>pri starej\u0161ih pacientih z du\u0161evnimi motnjami, ki pogosto<\/span><br \/>\n<span>niso ustrezno prepoznani v klini\u010dni praksi. Rezultati bodo <\/span><span>pripomogli k izbolj\u0161anju kakovosti oskrbe teh pacientov, s <\/span><span>poudarkom na prehranski obravnavi, telesni zmogljivosti in <\/span><span>obvladovanju du\u0161evnih motenj.<\/span><\/p>\n<p>[\/et_pb_text][\/et_pb_column][\/et_pb_row][\/et_pb_section]<\/p>\n","protected":false},"excerpt":{"rendered":"<p>Trajanje projekta: 1. 9. 2025 &#8211; 31. 8. 2027 Vodilni partner: Univerzitetna psihiatri\u010dna klinika v Ljubljani Sodelujo\u010di partner: UP Fakulteta za vede o zdravju Sodelujo\u010di na FVZ: izr. prof. dr. [&hellip;]<\/p>\n","protected":false},"author":16,"featured_media":0,"comment_status":"closed","ping_status":"closed","template":"","meta":{"_et_pb_use_builder":"on","_et_pb_old_content":"","_et_gb_content_width":"","_price":"","_stock":"","_tribe_ticket_header":"","_tribe_default_ticket_provider":"","_tribe_ticket_capacity":"","_ticket_start_date":"","_ticket_end_date":"","_tribe_ticket_show_description":"","_tribe_ticket_show_not_going":false,"_tribe_ticket_use_global_stock":"","_tribe_ticket_global_stock_level":"","_global_stock_mode":"","_global_stock_cap":"","_tribe_rsvp_for_event":"","_tribe_ticket_going_count":"","_tribe_ticket_not_going_count":"","_tribe_tickets_list":"[]","_tribe_ticket_has_attendee_info_fields":false,"footnotes":""},"project_category":[139,143],"project_tag":[],"class_list":["post-104649","project","type-project","status-publish","hentry","project_category-dietetics","project_category-research-and-development-projects-ongoing"],"yoast_head":"<!-- This site is optimized with the Yoast SEO plugin v27.5 - https:\/\/yoast.com\/product\/yoast-seo-wordpress\/ -->\n<title>V3-2559 Stanje prehranjenosti in s prehranjenostjo povezanih stanj ter oblikovanje klini\u010dne poti prehranske podpore pri pacientih z du\u0161evno motnjo starej\u0161ih od 65 let - Fakulteta za vede o zdravju<\/title>\n<meta name=\"robots\" content=\"index, follow, max-snippet:-1, max-image-preview:large, max-video-preview:-1\" \/>\n<link rel=\"canonical\" href=\"https:\/\/fvz.upr.si\/en\/project\/v3-2559-stanje-prehranjenosti-in-s-prehranjenostjo-povezanih-stanj-ter-oblikovanje-klinicne-poti-prehranske-podpore-pri-pacientih-z-dusevno-motnjo-starejsih-od-65-let\/\" \/>\n<meta property=\"og:locale\" content=\"en_US\" \/>\n<meta property=\"og:type\" content=\"article\" \/>\n<meta property=\"og:title\" content=\"V3-2559 Stanje prehranjenosti in s prehranjenostjo povezanih stanj ter oblikovanje klini\u010dne poti prehranske podpore pri pacientih z du\u0161evno motnjo starej\u0161ih od 65 let - Fakulteta za vede o zdravju\" \/>\n<meta property=\"og:description\" content=\"Trajanje projekta: 1. 9. 2025 - 31. 8. 2027 Vodilni partner: Univerzitetna psihiatri\u010dna klinika v Ljubljani Sodelujo\u010di partner: UP Fakulteta za vede o zdravju Sodelujo\u010di na FVZ: izr. prof. dr. [&hellip;]\" \/>\n<meta property=\"og:url\" content=\"https:\/\/fvz.upr.si\/en\/project\/v3-2559-stanje-prehranjenosti-in-s-prehranjenostjo-povezanih-stanj-ter-oblikovanje-klinicne-poti-prehranske-podpore-pri-pacientih-z-dusevno-motnjo-starejsih-od-65-let\/\" \/>\n<meta property=\"og:site_name\" content=\"Fakulteta za vede o zdravju\" \/>\n<meta property=\"article:modified_time\" content=\"2025-12-16T12:34:09+00:00\" \/>\n<meta name=\"twitter:card\" content=\"summary_large_image\" \/>\n<meta name=\"twitter:label1\" content=\"Est. reading time\" \/>\n\t<meta name=\"twitter:data1\" content=\"3 minutes\" \/>\n<script type=\"application\/ld+json\" class=\"yoast-schema-graph\">{\"@context\":\"https:\\\/\\\/schema.org\",\"@graph\":[{\"@type\":\"WebPage\",\"@id\":\"https:\\\/\\\/fvz.upr.si\\\/en\\\/project\\\/v3-2559-stanje-prehranjenosti-in-s-prehranjenostjo-povezanih-stanj-ter-oblikovanje-klinicne-poti-prehranske-podpore-pri-pacientih-z-dusevno-motnjo-starejsih-od-65-let\\\/\",\"url\":\"https:\\\/\\\/fvz.upr.si\\\/en\\\/project\\\/v3-2559-stanje-prehranjenosti-in-s-prehranjenostjo-povezanih-stanj-ter-oblikovanje-klinicne-poti-prehranske-podpore-pri-pacientih-z-dusevno-motnjo-starejsih-od-65-let\\\/\",\"name\":\"V3-2559 Stanje prehranjenosti in s prehranjenostjo povezanih stanj ter oblikovanje klini\u010dne poti prehranske podpore pri pacientih z du\u0161evno motnjo starej\u0161ih od 65 let - Fakulteta za vede o zdravju\",\"isPartOf\":{\"@id\":\"https:\\\/\\\/fvz.upr.si\\\/#website\"},\"datePublished\":\"2025-12-16T12:19:40+00:00\",\"dateModified\":\"2025-12-16T12:34:09+00:00\",\"breadcrumb\":{\"@id\":\"https:\\\/\\\/fvz.upr.si\\\/en\\\/project\\\/v3-2559-stanje-prehranjenosti-in-s-prehranjenostjo-povezanih-stanj-ter-oblikovanje-klinicne-poti-prehranske-podpore-pri-pacientih-z-dusevno-motnjo-starejsih-od-65-let\\\/#breadcrumb\"},\"inLanguage\":\"en-US\",\"potentialAction\":[{\"@type\":\"ReadAction\",\"target\":[\"https:\\\/\\\/fvz.upr.si\\\/en\\\/project\\\/v3-2559-stanje-prehranjenosti-in-s-prehranjenostjo-povezanih-stanj-ter-oblikovanje-klinicne-poti-prehranske-podpore-pri-pacientih-z-dusevno-motnjo-starejsih-od-65-let\\\/\"]}]},{\"@type\":\"BreadcrumbList\",\"@id\":\"https:\\\/\\\/fvz.upr.si\\\/en\\\/project\\\/v3-2559-stanje-prehranjenosti-in-s-prehranjenostjo-povezanih-stanj-ter-oblikovanje-klinicne-poti-prehranske-podpore-pri-pacientih-z-dusevno-motnjo-starejsih-od-65-let\\\/#breadcrumb\",\"itemListElement\":[{\"@type\":\"ListItem\",\"position\":1,\"name\":\"Home\",\"item\":\"https:\\\/\\\/fvz.upr.si\\\/\"},{\"@type\":\"ListItem\",\"position\":2,\"name\":\"Projects\",\"item\":\"https:\\\/\\\/fvz.upr.si\\\/project\\\/\"},{\"@type\":\"ListItem\",\"position\":3,\"name\":\"V3-2559 Stanje prehranjenosti in s prehranjenostjo povezanih stanj ter oblikovanje klini\u010dne poti prehranske podpore pri pacientih z du\u0161evno motnjo starej\u0161ih od 65 let\"}]},{\"@type\":\"WebSite\",\"@id\":\"https:\\\/\\\/fvz.upr.si\\\/#website\",\"url\":\"https:\\\/\\\/fvz.upr.si\\\/\",\"name\":\"Fakulteta za vede o zdravju\",\"description\":\"\u017divljenju dodajamo znanje.\",\"publisher\":{\"@id\":\"https:\\\/\\\/fvz.upr.si\\\/#organization\"},\"potentialAction\":[{\"@type\":\"SearchAction\",\"target\":{\"@type\":\"EntryPoint\",\"urlTemplate\":\"https:\\\/\\\/fvz.upr.si\\\/?s={search_term_string}\"},\"query-input\":{\"@type\":\"PropertyValueSpecification\",\"valueRequired\":true,\"valueName\":\"search_term_string\"}}],\"inLanguage\":\"en-US\"},{\"@type\":\"Organization\",\"@id\":\"https:\\\/\\\/fvz.upr.si\\\/#organization\",\"name\":\"Fakulteta za vede o zdravju\",\"url\":\"https:\\\/\\\/fvz.upr.si\\\/\",\"logo\":{\"@type\":\"ImageObject\",\"inLanguage\":\"en-US\",\"@id\":\"https:\\\/\\\/fvz.upr.si\\\/#\\\/schema\\\/logo\\\/image\\\/\",\"url\":\"https:\\\/\\\/fvz.upr.si\\\/wp-content\\\/uploads\\\/2019\\\/03\\\/UP-FVZ_logo-transparent.png\",\"contentUrl\":\"https:\\\/\\\/fvz.upr.si\\\/wp-content\\\/uploads\\\/2019\\\/03\\\/UP-FVZ_logo-transparent.png\",\"width\":1417,\"height\":792,\"caption\":\"Fakulteta za vede o zdravju\"},\"image\":{\"@id\":\"https:\\\/\\\/fvz.upr.si\\\/#\\\/schema\\\/logo\\\/image\\\/\"}}]}<\/script>\n<!-- \/ Yoast SEO plugin. -->","yoast_head_json":{"title":"V3-2559 Stanje prehranjenosti in s prehranjenostjo povezanih stanj ter oblikovanje klini\u010dne poti prehranske podpore pri pacientih z du\u0161evno motnjo starej\u0161ih od 65 let - Fakulteta za vede o zdravju","robots":{"index":"index","follow":"follow","max-snippet":"max-snippet:-1","max-image-preview":"max-image-preview:large","max-video-preview":"max-video-preview:-1"},"canonical":"https:\/\/fvz.upr.si\/en\/project\/v3-2559-stanje-prehranjenosti-in-s-prehranjenostjo-povezanih-stanj-ter-oblikovanje-klinicne-poti-prehranske-podpore-pri-pacientih-z-dusevno-motnjo-starejsih-od-65-let\/","og_locale":"en_US","og_type":"article","og_title":"V3-2559 Stanje prehranjenosti in s prehranjenostjo povezanih stanj ter oblikovanje klini\u010dne poti prehranske podpore pri pacientih z du\u0161evno motnjo starej\u0161ih od 65 let - Fakulteta za vede o zdravju","og_description":"Trajanje projekta: 1. 9. 2025 - 31. 8. 2027 Vodilni partner: Univerzitetna psihiatri\u010dna klinika v Ljubljani Sodelujo\u010di partner: UP Fakulteta za vede o zdravju Sodelujo\u010di na FVZ: izr. prof. dr. [&hellip;]","og_url":"https:\/\/fvz.upr.si\/en\/project\/v3-2559-stanje-prehranjenosti-in-s-prehranjenostjo-povezanih-stanj-ter-oblikovanje-klinicne-poti-prehranske-podpore-pri-pacientih-z-dusevno-motnjo-starejsih-od-65-let\/","og_site_name":"Fakulteta za vede o zdravju","article_modified_time":"2025-12-16T12:34:09+00:00","twitter_card":"summary_large_image","twitter_misc":{"Est. reading time":"3 minutes"},"schema":{"@context":"https:\/\/schema.org","@graph":[{"@type":"WebPage","@id":"https:\/\/fvz.upr.si\/en\/project\/v3-2559-stanje-prehranjenosti-in-s-prehranjenostjo-povezanih-stanj-ter-oblikovanje-klinicne-poti-prehranske-podpore-pri-pacientih-z-dusevno-motnjo-starejsih-od-65-let\/","url":"https:\/\/fvz.upr.si\/en\/project\/v3-2559-stanje-prehranjenosti-in-s-prehranjenostjo-povezanih-stanj-ter-oblikovanje-klinicne-poti-prehranske-podpore-pri-pacientih-z-dusevno-motnjo-starejsih-od-65-let\/","name":"V3-2559 Stanje prehranjenosti in s prehranjenostjo povezanih stanj ter oblikovanje klini\u010dne poti prehranske podpore pri pacientih z du\u0161evno motnjo starej\u0161ih od 65 let - Fakulteta za vede o zdravju","isPartOf":{"@id":"https:\/\/fvz.upr.si\/#website"},"datePublished":"2025-12-16T12:19:40+00:00","dateModified":"2025-12-16T12:34:09+00:00","breadcrumb":{"@id":"https:\/\/fvz.upr.si\/en\/project\/v3-2559-stanje-prehranjenosti-in-s-prehranjenostjo-povezanih-stanj-ter-oblikovanje-klinicne-poti-prehranske-podpore-pri-pacientih-z-dusevno-motnjo-starejsih-od-65-let\/#breadcrumb"},"inLanguage":"en-US","potentialAction":[{"@type":"ReadAction","target":["https:\/\/fvz.upr.si\/en\/project\/v3-2559-stanje-prehranjenosti-in-s-prehranjenostjo-povezanih-stanj-ter-oblikovanje-klinicne-poti-prehranske-podpore-pri-pacientih-z-dusevno-motnjo-starejsih-od-65-let\/"]}]},{"@type":"BreadcrumbList","@id":"https:\/\/fvz.upr.si\/en\/project\/v3-2559-stanje-prehranjenosti-in-s-prehranjenostjo-povezanih-stanj-ter-oblikovanje-klinicne-poti-prehranske-podpore-pri-pacientih-z-dusevno-motnjo-starejsih-od-65-let\/#breadcrumb","itemListElement":[{"@type":"ListItem","position":1,"name":"Home","item":"https:\/\/fvz.upr.si\/"},{"@type":"ListItem","position":2,"name":"Projects","item":"https:\/\/fvz.upr.si\/project\/"},{"@type":"ListItem","position":3,"name":"V3-2559 Stanje prehranjenosti in s prehranjenostjo povezanih stanj ter oblikovanje klini\u010dne poti prehranske podpore pri pacientih z du\u0161evno motnjo starej\u0161ih od 65 let"}]},{"@type":"WebSite","@id":"https:\/\/fvz.upr.si\/#website","url":"https:\/\/fvz.upr.si\/","name":"Fakulteta za vede o zdravju","description":"\u017divljenju dodajamo znanje.","publisher":{"@id":"https:\/\/fvz.upr.si\/#organization"},"potentialAction":[{"@type":"SearchAction","target":{"@type":"EntryPoint","urlTemplate":"https:\/\/fvz.upr.si\/?s={search_term_string}"},"query-input":{"@type":"PropertyValueSpecification","valueRequired":true,"valueName":"search_term_string"}}],"inLanguage":"en-US"},{"@type":"Organization","@id":"https:\/\/fvz.upr.si\/#organization","name":"Fakulteta za vede o zdravju","url":"https:\/\/fvz.upr.si\/","logo":{"@type":"ImageObject","inLanguage":"en-US","@id":"https:\/\/fvz.upr.si\/#\/schema\/logo\/image\/","url":"https:\/\/fvz.upr.si\/wp-content\/uploads\/2019\/03\/UP-FVZ_logo-transparent.png","contentUrl":"https:\/\/fvz.upr.si\/wp-content\/uploads\/2019\/03\/UP-FVZ_logo-transparent.png","width":1417,"height":792,"caption":"Fakulteta za vede o zdravju"},"image":{"@id":"https:\/\/fvz.upr.si\/#\/schema\/logo\/image\/"}}]}},"_links":{"self":[{"href":"https:\/\/fvz.upr.si\/en\/wp-json\/wp\/v2\/project\/104649","targetHints":{"allow":["GET"]}}],"collection":[{"href":"https:\/\/fvz.upr.si\/en\/wp-json\/wp\/v2\/project"}],"about":[{"href":"https:\/\/fvz.upr.si\/en\/wp-json\/wp\/v2\/types\/project"}],"author":[{"embeddable":true,"href":"https:\/\/fvz.upr.si\/en\/wp-json\/wp\/v2\/users\/16"}],"replies":[{"embeddable":true,"href":"https:\/\/fvz.upr.si\/en\/wp-json\/wp\/v2\/comments?post=104649"}],"version-history":[{"count":1,"href":"https:\/\/fvz.upr.si\/en\/wp-json\/wp\/v2\/project\/104649\/revisions"}],"predecessor-version":[{"id":104654,"href":"https:\/\/fvz.upr.si\/en\/wp-json\/wp\/v2\/project\/104649\/revisions\/104654"}],"wp:attachment":[{"href":"https:\/\/fvz.upr.si\/en\/wp-json\/wp\/v2\/media?parent=104649"}],"wp:term":[{"taxonomy":"project_category","embeddable":true,"href":"https:\/\/fvz.upr.si\/en\/wp-json\/wp\/v2\/project_category?post=104649"},{"taxonomy":"project_tag","embeddable":true,"href":"https:\/\/fvz.upr.si\/en\/wp-json\/wp\/v2\/project_tag?post=104649"}],"curies":[{"name":"wp","href":"https:\/\/api.w.org\/{rel}","templated":true}]}}